{"id":2214,"date":"2025-03-10T14:36:13","date_gmt":"2025-03-10T13:36:13","guid":{"rendered":"https:\/\/actionaid.ch\/?page_id=2214"},"modified":"2026-03-25T12:48:10","modified_gmt":"2026-03-25T11:48:10","slug":"actionaid-homepage","status":"publish","type":"page","link":"https:\/\/actionaid.ch\/fr\/","title":{"rendered":"ActionAid Suisse"},"content":{"rendered":"<div class=\"vidiemme-block hero-carousel  \" >\n  \n  <div class=\"no-container\">\n    <!-- PRELOAD  -->\n      <link rel=\"preload\" fetchpriority=\"high\" as=\"image\" href=\"https:\/\/actionaid.ch\/wp-content\/uploads\/2026\/03\/header-F4W_fanta-1.png\">\n\n    \n      \n  \n      <div class=\"splide\" data-splide='{&quot;type&quot;:&quot;loop&quot;,&quot;autoplay&quot;:false,&quot;interval&quot;:8000,&quot;arrows&quot;:false,&quot;pagination&quot;:false,&quot;perPage&quot;:1}'>\n      <div class=\"splide__track\">\n\t\t    <ul class=\"splide__list\">\n                      \n            <li class=\"slide splide__slide\" style=\"background-image: url(https:\/\/actionaid.ch\/wp-content\/uploads\/2026\/03\/header-F4W_fanta-1-1536x480.png); background-position: 50% 50%; background-size: cover;\">\n            \n                <div class=\"slide-overlay h-100\" style=\"background-color: rgba(0,0,0,0)\">\n                  <div class=\"container h-100\">\n            \n                    \n                    <img loading=\"lazy\" decoding=\"async\" width=\"1024\" height=\"683\" src=\"https:\/\/actionaid.ch\/wp-content\/uploads\/2026\/03\/R282697-1024x683.jpg\" class=\"slide-image-mobile d-md-none\" alt=\"Fanta en Gambie r\u00e9colte le bl\u00e9 qu\u2019elle a cultiv\u00e9\" srcset=\"https:\/\/actionaid.ch\/wp-content\/uploads\/2026\/03\/R282697-1024x683.jpg 1024w, https:\/\/actionaid.ch\/wp-content\/uploads\/2026\/03\/R282697-300x200.jpg 300w, https:\/\/actionaid.ch\/wp-content\/uploads\/2026\/03\/R282697-768x512.jpg 768w, https:\/\/actionaid.ch\/wp-content\/uploads\/2026\/03\/R282697.jpg 1200w\" sizes=\"auto, (max-width: 1024px) 100vw, 1024px\" style=\"object-position: 50% 50%;\" \/>\n                    \n                    <!-- <img decoding=\"async\" class=\"slide-image-mobile d-md-none\" src=\"https:\/\/actionaid.ch\/wp-content\/uploads\/2026\/03\/R282697.jpg\" alt=\"&lt;strong&gt;Fight For Women&lt;\/strong&gt;\r\nen d\u00e9fense des\r\ndroits des femmes \"\/> --> \n                    \n                    <div class=\"slide-container d-flex align-items-end\">\n                    \n                        <div class=\"slide-content\">\n                          \n                                                    <div class=\"h1 slide-title mb-4\"><strong>Fight For Women<\/strong><br \/>\r\nen d\u00e9fense des<br \/>\r\ndroits des femmes <\/div>\n                          \n                                                    <div class=\"slide-summary mb-4\"><p>Des millions de femmes sont victimes de violence, d&rsquo;exploitation et de pauvret\u00e9 chaque jour.<br \/>\nEnsemble, cr\u00e9ons des lieux s\u00fbrs et garantissons l&rsquo;acc\u00e8s \u00e0 la sant\u00e9, \u00e0 l&rsquo;\u00e9ducation et \u00e0 une vie digne.<\/p>\n<\/div>\n                          \n                                                    <a href=\"https:\/\/actionaid.ch\/fr\/fight-for-women\/\" target=\"\" class=\"btn btn-primary btn-cta\">ENGAGEZ-VOUS<\/a>\n                          \n                        <\/div>\n\n                    <\/div>\n                  <\/div>\n                  \n                <\/div>\n              \n            <\/li>\n                  <\/ul>\n        <div class=\"container position-relative\">\n          <ul class=\"splide__pagination\"><\/ul>\n        <\/div>\n      <\/div>\n      <div class=\"splide__arrows\">\n        <button class=\"splide__arrow splide__arrow--prev\">\n          <i class=\"bi bi-arrow-left-short\"><\/i>\n        <\/button>\n        <button class=\"splide__arrow splide__arrow--next\">\n          <i class=\"bi bi-arrow-right-short\"><\/i>\n        <\/button>\n      <\/div>\n    <\/div>\n    <\/section>\n  <\/div>\n<\/div>\n\n\n<div class=\"vidiemme-block basic-editor  \" >\n  \n  <div class=\"container-xl\">\n    <h1 class=\"mb-5\">ActionAid Suisse pour <span style=\"color: #ed1c24;\">un <strong>monde \u00e9quitable et juste<\/strong><\/span><\/h1>\n<p>Partout dans le monde, des femmes et des filles luttent pour pouvoir d\u00e9cider de leur propre vie.<br \/>\nNous les aidons \u00e0 <strong>surmonter la violence<\/strong>, \u00e0 <strong>acc\u00e9der \u00e0 l&rsquo;\u00e9ducation<\/strong> et \u00e0 se <strong>constituer leurs propres<\/strong> <strong>revenus<\/strong>.<br \/>\nElles acqui\u00e8rent ainsi <strong>assurance<\/strong> et <strong>confiance<\/strong> en elles, renfor\u00e7ant ainsi leurs <strong>familles<\/strong> et leurs <strong>communaut\u00e9s<\/strong> tout enti\u00e8res.<\/p>\n  <\/div>\n<\/div>\n\n\n<div class=\"vidiemme-block numbers-band  \" >\n  \n  <div class=\"no-container\">\n    <div class=\"container\">\n    <div class=\"row mb-4  heading\">\n      <div class=\"col-md-8 pt-5 pb-3 d-flex align-items-center\">\n                <h2 class=\"block-title\">Notre impact <strong>commun<\/strong> <\/h2>\n              <\/div>\n          <\/div>    \n\n\n    \n            <div class=\"splide\" data-splide='{\"arrows\": false, \"navigation\": false, \"perPage\": 3, \"breakpoints\": { \"640\": { \"perPage\": 1, \"navigation\": false, \"arrows\": true }}}'>\n        <div class=\"splide__track\">\n          <ul class=\"splide__list\">\n                          <li class=\"slide splide__slide number-item\">\n                <div class=\"mb-2\">\n                  \n                    <span class=\"big-text me-2\">22,8<\/span>\n                    <span class=\"small-text \">mille<\/span>\n                  \n                <\/div>\n                <div class=\"description pe-5\">\n                  <p>personnes en Suisse ont d\u00e9cid\u00e9 d&rsquo;am\u00e9liorer les conditions de vie des femmes par le biais d&rsquo;un soutien r\u00e9gulier ou ponctuel.<\/p>\n\n                <\/div>\n              <\/li>\n                          <li class=\"slide splide__slide number-item\">\n                <div class=\"mb-2\">\n                  \n                    <span class=\"big-text me-2\">23,8<\/span>\n                    <span class=\"small-text \">millions <\/span>\n                  \n                <\/div>\n                <div class=\"description pe-5\">\n                  <p>de femmes dans le monde entier ont re\u00e7u de l&rsquo;aide gr\u00e2ce \u00e0 nos projets.<\/p>\n\n                <\/div>\n              <\/li>\n                          <li class=\"slide splide__slide number-item\">\n                <div class=\"mb-2\">\n                  \n                    <span class=\"big-text me-2\">75<\/span>\n                    <span class=\"small-text \"><\/span>\n                  \n                <\/div>\n                <div class=\"description pe-5\">\n                  <p>pays du monde dans lesquels nous sommes pr\u00e9sents directement ou par le biais de partenariats.<\/p>\n\n                <\/div>\n              <\/li>\n                      <\/ul>\n        <\/div>\n      <\/div>\n          \n          <div class=\"pb-4\">\n       \n          <a href=\"\/fr\/a-propos-de-nous\/transparence\/\" target=\"\" class=\"btn btn-link\">Tous nos chiffres<\/a>\n       \n      <\/div>\n      \n  <\/div>\n  <\/div>\n<\/div>\n\n\n<div class=\"vidiemme-block cards-band content-mode-automatic  \" >\n  \n  <div class=\"no-container\">\n    <div class=\"container\">\n\n\n    <div class=\"row  heading\">\n      <div class=\"col-md-8 d-flex align-items-center\">\n        <div>\n                    <h2 class=\"block-title mt-5 mb-4\">Histoires de <strong>changement<\/strong><\/h2>\n                              <div class=\"block-summary mb-4\"><p>Votre soutien a chang\u00e9 leur vie.<\/p>\n<\/div>\n                  <\/div>\n      <\/div>\n      <div class=\"col-md-4 d-flex align-items-center justify-content-end\">\n                  <a href=\"https:\/\/actionaid.ch\/fr\/actualites\/histoires-de-changement\/\"  target=\"\" class=\"btn btn-outline-primary my-5\">Toutes les histoires<\/a>\n              <\/div>\n    <\/div>    \n\n\n    \n\n              <div class=\"splide\" \n              data-splide='{\"arrows\": false, \"perPage\": 3, \"breakpoints\": { \"768\": { \"perPage\": 1, \"arrows\": true, \"pagination\": false }}}'\n              >\n\n          <div class=\"splide__track\">\n            <ul class=\"splide__list\">\n                              <li class=\"slide splide__slide px-2 pb-4\">\n                    \n                    <div class=\"component card card-standard h-100\" style=\"\">\n    \n                <img loading=\"lazy\" decoding=\"async\" width=\"300\" height=\"150\" src=\"https:\/\/actionaid.ch\/wp-content\/uploads\/2026\/02\/Abdia_story-300x150.png\" class=\"card-img-top card-image\" alt=\"Abdia s\u2019adresse aux femmes de sa communaut\u00e9 pour les sensibiliser aux risques des MGF (mutilations g\u00e9nitales f\u00e9minines)\" srcset=\"https:\/\/actionaid.ch\/wp-content\/uploads\/2026\/02\/Abdia_story-300x150.png 300w, https:\/\/actionaid.ch\/wp-content\/uploads\/2026\/02\/Abdia_story-1024x512.png 1024w, https:\/\/actionaid.ch\/wp-content\/uploads\/2026\/02\/Abdia_story-768x384.png 768w, https:\/\/actionaid.ch\/wp-content\/uploads\/2026\/02\/Abdia_story-1536x768.png 1536w, https:\/\/actionaid.ch\/wp-content\/uploads\/2026\/02\/Abdia_story.png 1920w\" sizes=\"auto, (max-width: 300px) 100vw, 300px\" style=\"object-position: 50% 50%;\" \/>\n        <!-- <img decoding=\"async\" class=\"card-img-top card-image\" src=\"https:\/\/actionaid.ch\/wp-content\/uploads\/2026\/02\/Abdia_story.png\"  alt=\"Abdia s\u2019adresse aux femmes de sa communaut\u00e9 pour les sensibiliser aux risques des MGF (mutilations g\u00e9nitales f\u00e9minines)\"> -->\n                <div class=\"card-body \">\n            \n            <div class=\"d-flex flex-column\">\n\n                <div class=\"order-0\">\n                    \n                                    <\/div>\n\n\n                <div class=\"order-1\">\n                    \n\n                    <h2 class=\"card-title\">\n\n                                            <a href=\"https:\/\/actionaid.ch\/fr\/story\/abdia-se-mobilise-contre-les-mgf\/\" target=\"_self\">\n                                        \n                        Abdia se mobilise contre les MGF\n\n                                            <\/a>\n                                        \n                    <\/h2>\n\n\n                    \n                                        <div class=\"card-summary\"><p>Mutil\u00e9e \u00e0 6 ans. Aujourd\u2019hui, elle se bat pour prot\u00e9ger les filles de sa communaut\u00e9.<\/p>\n<\/div>\n                                    <\/div>\n            <\/div>\n        <\/div>\n                <div class=\"card-footer pb-4\">\n            <a class=\"btn card-cta w-100\" href=\"https:\/\/actionaid.ch\/fr\/story\/abdia-se-mobilise-contre-les-mgf\/\" target=\"_self\">Lisez mon histoire<\/a>\n        <\/div>\n            \n<\/div>\n                  \n                <li>\n                              <li class=\"slide splide__slide px-2 pb-4\">\n                    \n                    <div class=\"component card card-standard h-100\" style=\"\">\n    \n                <img loading=\"lazy\" decoding=\"async\" width=\"300\" height=\"200\" src=\"https:\/\/actionaid.ch\/wp-content\/uploads\/2025\/07\/R282757-300x200.jpg\" class=\"card-img-top card-image\" alt=\"\" srcset=\"https:\/\/actionaid.ch\/wp-content\/uploads\/2025\/07\/R282757-300x200.jpg 300w, https:\/\/actionaid.ch\/wp-content\/uploads\/2025\/07\/R282757-1024x683.jpg 1024w, https:\/\/actionaid.ch\/wp-content\/uploads\/2025\/07\/R282757-768x512.jpg 768w, https:\/\/actionaid.ch\/wp-content\/uploads\/2025\/07\/R282757.jpg 1200w\" sizes=\"auto, (max-width: 300px) 100vw, 300px\" \/>\n        <!-- <img decoding=\"async\" class=\"card-img-top card-image\" src=\"https:\/\/actionaid.ch\/wp-content\/uploads\/2025\/07\/R282757.jpg\"  alt=\"\"> -->\n                <div class=\"card-body \">\n            \n            <div class=\"d-flex flex-column\">\n\n                <div class=\"order-0\">\n                    \n                                    <\/div>\n\n\n                <div class=\"order-1\">\n                    \n\n                    <h2 class=\"card-title\">\n\n                                            <a href=\"https:\/\/actionaid.ch\/fr\/story\/binta\/\" target=\"_self\">\n                                        \n                        Binta devient agricultrice\n\n                                            <\/a>\n                                        \n                    <\/h2>\n\n\n                    \n                                        <div class=\"card-summary\"><p>Avant, elle avait du mal \u00e0 nourrir sa famille.<br \/>\nAujourd&rsquo;hui, elle g\u00e8re sa propre ferme.<\/p>\n<\/div>\n                                    <\/div>\n            <\/div>\n        <\/div>\n                <div class=\"card-footer pb-4\">\n            <a class=\"btn card-cta w-100\" href=\"https:\/\/actionaid.ch\/fr\/story\/binta\/\" target=\"_self\">Lisez mon histoire<\/a>\n        <\/div>\n            \n<\/div>\n                  \n                <li>\n                              <li class=\"slide splide__slide px-2 pb-4\">\n                    \n                    <div class=\"component card card-standard h-100\" style=\"\">\n    \n                <img loading=\"lazy\" decoding=\"async\" width=\"300\" height=\"200\" src=\"https:\/\/actionaid.ch\/wp-content\/uploads\/2025\/03\/haseena-300x200.jpg\" class=\"card-img-top card-image\" alt=\"\" srcset=\"https:\/\/actionaid.ch\/wp-content\/uploads\/2025\/03\/haseena-300x200.jpg 300w, https:\/\/actionaid.ch\/wp-content\/uploads\/2025\/03\/haseena-1024x683.jpg 1024w, https:\/\/actionaid.ch\/wp-content\/uploads\/2025\/03\/haseena-768x512.jpg 768w, https:\/\/actionaid.ch\/wp-content\/uploads\/2025\/03\/haseena-1536x1024.jpg 1536w, https:\/\/actionaid.ch\/wp-content\/uploads\/2025\/03\/haseena.jpg 1600w\" sizes=\"auto, (max-width: 300px) 100vw, 300px\" \/>\n        <!-- <img decoding=\"async\" class=\"card-img-top card-image\" src=\"https:\/\/actionaid.ch\/wp-content\/uploads\/2025\/03\/haseena.jpg\"  alt=\"\"> -->\n                <div class=\"card-body \">\n            \n            <div class=\"d-flex flex-column\">\n\n                <div class=\"order-0\">\n                    \n                                    <\/div>\n\n\n                <div class=\"order-1\">\n                    \n\n                    <h2 class=\"card-title\">\n\n                                            <a href=\"https:\/\/actionaid.ch\/fr\/story\/haseena\/\" target=\"_self\">\n                                        \n                        Haseena d\u00e9fie la communaut\u00e9\n\n                                            <\/a>\n                                        \n                    <\/h2>\n\n\n                    \n                                        <div class=\"card-summary\"><p>Avec courage elle s&rsquo;est lib\u00e9r\u00e9e d&rsquo;un mariage forc\u00e9. Elle est un mod\u00e8le pour d&rsquo;autres jeunes filles.<\/p>\n<\/div>\n                                    <\/div>\n            <\/div>\n        <\/div>\n                <div class=\"card-footer pb-4\">\n            <a class=\"btn card-cta w-100\" href=\"https:\/\/actionaid.ch\/fr\/story\/haseena\/\" target=\"_self\">Lisez mon histoire<\/a>\n        <\/div>\n            \n<\/div>\n                  \n                <li>\n                          <\/ul>\n          <\/div>\n\n          <div class=\"splide__arrows\">\n            <button class=\"splide__arrow splide__arrow--prev\">\n              <i class=\"bi bi-arrow-left-short\"><\/i>\n            <\/button>\n            <button class=\"splide__arrow splide__arrow--next\">\n              <i class=\"bi bi-arrow-right-short\"><\/i>\n            <\/button>\n          <\/div>\n\n        <\/div>\n          \n   \n  \n  <\/div>\n  <\/div>\n<\/div>\n\n\n<div class=\"vidiemme-block overview-cards  \" >\n  \n  <div class=\"container-xl\">\n    <div class=\"container pt-5\">\n      <h2 class=\"block-title\">Tout ce que vous devez <strong>savoir<\/strong> <\/h2>\n  \n  \n\n<\/div>\n\n<div class=\"container px-0 pb-5\">\n\n      <div class=\"block-cards\">\n      <div class=\"splide\" data-splide='{\"arrows\": false, \"perPage\": 3, \"breakpoints\": { \"640\": { \"perPage\": 1, \"arrows\": true, \"pagination\": false }}}'>\n        <div class=\"splide__track\">\n          <ul class=\"splide__list\">\n                          <li class=\"slide splide__slide card-item px-2 pb-4\">\n                <div class=\"component card card-illustration \" style=\"\">\n    \n                <img loading=\"lazy\" decoding=\"async\" width=\"132\" height=\"132\" src=\"https:\/\/actionaid.ch\/wp-content\/uploads\/2025\/03\/icon-world.svg\" class=\"card-img-top card-image\" alt=\"\" \/>\n        <!-- <img decoding=\"async\" class=\"card-img-top card-image\" src=\"https:\/\/actionaid.ch\/wp-content\/uploads\/2025\/03\/icon-world.svg\"  alt=\"\"> -->\n                <div class=\"card-body \">\n            \n            <div class=\"d-flex flex-column\">\n\n                <div class=\"order-0\">\n                    \n                                    <\/div>\n\n\n                <div class=\"order-1\">\n                    \n\n                    <h2 class=\"card-title\">\n\n                                            <a href=\"\/fr\/a-propos-de-nous\/\" target=\"\">\n                                        \n                        Qui sommes-nous\n\n                                            <\/a>\n                                        \n                    <\/h2>\n\n\n                    \n                                        <div class=\"card-summary\"><p>Nous sommes une organisation ind\u00e9pendante pr\u00e9sente dans 75 pays qui lutte contre la pauvret\u00e9, l&rsquo;exclusion sociale, la violence \u00e0 l&rsquo;\u00e9gard des femmes et le changement climatique. Depuis 2013, nous sommes \u00e9galement pr\u00e9sents en Suisse.<\/p>\n<\/div>\n                                    <\/div>\n            <\/div>\n        <\/div>\n                <div class=\"card-footer pb-4\">\n            <a class=\"btn card-cta w-100\" href=\"\/fr\/a-propos-de-nous\/\" target=\"\">En savoir plus<\/a>\n        <\/div>\n            \n<\/div>\n              <\/li>\n                          <li class=\"slide splide__slide card-item px-2 pb-4\">\n                <div class=\"component card card-illustration \" style=\"\">\n    \n                <img loading=\"lazy\" decoding=\"async\" width=\"132\" height=\"132\" src=\"https:\/\/actionaid.ch\/wp-content\/uploads\/2025\/03\/icon-people.svg\" class=\"card-img-top card-image\" alt=\"\" \/>\n        <!-- <img decoding=\"async\" class=\"card-img-top card-image\" src=\"https:\/\/actionaid.ch\/wp-content\/uploads\/2025\/03\/icon-people.svg\"  alt=\"\"> -->\n                <div class=\"card-body \">\n            \n            <div class=\"d-flex flex-column\">\n\n                <div class=\"order-0\">\n                    \n                                    <\/div>\n\n\n                <div class=\"order-1\">\n                    \n\n                    <h2 class=\"card-title\">\n\n                                            <a href=\"\/fr\/notre-action\/\" target=\"\">\n                                        \n                        Ce que nous faisons\n\n                                            <\/a>\n                                        \n                    <\/h2>\n\n\n                    \n                                        <div class=\"card-summary\"><p>La violence contre les femmes, la faim ou le manque d&rsquo;\u00e9ducation ne sont pas une fatalit\u00e9. Ils sont le r\u00e9sultat d&rsquo;une injustice. Avec vous, nous sommes aux c\u00f4t\u00e9s des communaut\u00e9s les plus vuln\u00e9rables et marginalis\u00e9es pour leur garantir une vie digne, dans le plein respect de leurs droits.<\/p>\n<\/div>\n                                    <\/div>\n            <\/div>\n        <\/div>\n                <div class=\"card-footer pb-4\">\n            <a class=\"btn card-cta w-100\" href=\"\/fr\/notre-action\/\" target=\"\">En savoir plus<\/a>\n        <\/div>\n            \n<\/div>\n              <\/li>\n                          <li class=\"slide splide__slide card-item px-2 pb-4\">\n                <div class=\"component card card-illustration \" style=\"\">\n    \n                <img loading=\"lazy\" decoding=\"async\" width=\"132\" height=\"132\" src=\"https:\/\/actionaid.ch\/wp-content\/uploads\/2025\/03\/icon-hand-star.svg\" class=\"card-img-top card-image\" alt=\"\" \/>\n        <!-- <img decoding=\"async\" class=\"card-img-top card-image\" src=\"https:\/\/actionaid.ch\/wp-content\/uploads\/2025\/03\/icon-hand-star.svg\"  alt=\"\"> -->\n                <div class=\"card-body \">\n            \n            <div class=\"d-flex flex-column\">\n\n                <div class=\"order-0\">\n                    \n                                    <\/div>\n\n\n                <div class=\"order-1\">\n                    \n\n                    <h2 class=\"card-title\">\n\n                                            <a href=\"\/fr\/nous-soutenir\/\" target=\"\">\n                                        \n                        Ce que vous pouvez faire\n\n                                            <\/a>\n                                        \n                    <\/h2>\n\n\n                    \n                                        <div class=\"card-summary\"><p>Gr\u00e2ce \u00e0 votre soutien, vous permettez aux populations du Sud de mener une vie autonome, sans oppression, exploitation ni peur.<\/p>\n<\/div>\n                                    <\/div>\n            <\/div>\n        <\/div>\n                <div class=\"card-footer pb-4\">\n            <a class=\"btn card-cta w-100\" href=\"\/fr\/nous-soutenir\/\" target=\"\">En savoir plus<\/a>\n        <\/div>\n            \n<\/div>\n              <\/li>\n                      <\/ul>\n        <\/div>\n        <div class=\"splide__arrows\">\n          <button class=\"splide__arrow splide__arrow--prev\">\n            <i class=\"bi bi-arrow-left-short\"><\/i>\n          <\/button>\n          <button class=\"splide__arrow splide__arrow--next\">\n            <i class=\"bi bi-arrow-right-short\"><\/i>\n          <\/button>\n        <\/div>\n      <\/div>\n    <\/div>\n  <\/div>\n  <\/div>\n<\/div>\n\n\n<div class=\"vidiemme-block cards-band content-mode-selection  \" >\n  \n  <div class=\"container-xl\">\n    <div class=\"container\">\n\n\n    <div class=\"row  heading\">\n      <div class=\"col-md-8 d-flex align-items-center\">\n        <div>\n                    <h2 class=\"block-title mt-5 mb-4\">Les <strong>projets<\/strong> d&rsquo;ActionAid Suisse<\/h2>\n                            <\/div>\n      <\/div>\n      <div class=\"col-md-4 d-flex align-items-center justify-content-end\">\n                  <a href=\"https:\/\/actionaid.ch\/fr\/notre-action\/projets-specifiques\/\"  target=\"\" class=\"btn btn-outline-primary my-5\">Tous les projets<\/a>\n              <\/div>\n    <\/div>    \n\n\n    \n\n              <div class=\"splide\" \n              data-splide='{\"arrows\": false, \"perPage\": 3, \"breakpoints\": { \"768\": { \"perPage\": 1, \"arrows\": true, \"pagination\": false }}}'\n              >\n\n          <div class=\"splide__track\">\n            <ul class=\"splide__list\">\n                              <li class=\"slide splide__slide px-2 pb-4\">\n                    \n                    <div class=\"component card card-standard h-100\" style=\"\">\n    \n                <img loading=\"lazy\" decoding=\"async\" width=\"300\" height=\"225\" src=\"https:\/\/actionaid.ch\/wp-content\/uploads\/2026\/02\/Camp-4-Extension-Inauguration_Female-Activity-Space_November-19_2025-300x225.jpg\" class=\"card-img-top card-image\" alt=\"Play for Protection, Cox\u2019s Bazar, Bangladesh. Filles rohingyas courent\" srcset=\"https:\/\/actionaid.ch\/wp-content\/uploads\/2026\/02\/Camp-4-Extension-Inauguration_Female-Activity-Space_November-19_2025-300x225.jpg 300w, https:\/\/actionaid.ch\/wp-content\/uploads\/2026\/02\/Camp-4-Extension-Inauguration_Female-Activity-Space_November-19_2025-1024x769.jpg 1024w, https:\/\/actionaid.ch\/wp-content\/uploads\/2026\/02\/Camp-4-Extension-Inauguration_Female-Activity-Space_November-19_2025-768x576.jpg 768w, https:\/\/actionaid.ch\/wp-content\/uploads\/2026\/02\/Camp-4-Extension-Inauguration_Female-Activity-Space_November-19_2025-1536x1153.jpg 1536w, https:\/\/actionaid.ch\/wp-content\/uploads\/2026\/02\/Camp-4-Extension-Inauguration_Female-Activity-Space_November-19_2025.jpg 1920w\" sizes=\"auto, (max-width: 300px) 100vw, 300px\" style=\"object-position: 50% 50%;\" \/>\n        <!-- <img decoding=\"async\" class=\"card-img-top card-image\" src=\"https:\/\/actionaid.ch\/wp-content\/uploads\/2026\/02\/Camp-4-Extension-Inauguration_Female-Activity-Space_November-19_2025.jpg\"  alt=\"Play for Protection, Cox\u2019s Bazar, Bangladesh. Filles rohingyas courent\"> -->\n                <div class=\"card-body \">\n            \n            <div class=\"d-flex flex-column\">\n\n                <div class=\"order-0\">\n                    \n                                    <\/div>\n\n\n                <div class=\"order-1\">\n                    \n\n                    <h2 class=\"card-title\">\n\n                                            <a href=\"https:\/\/actionaid.ch\/fr\/notre-action\/projets-specifiques\/bangladesh\/\" target=\"_self\">\n                                        \n                        Bangladesh\n\n                                            <\/a>\n                                        \n                    <\/h2>\n\n\n                    \n                                        <div class=\"card-summary\"><p>Play for Protection : sport, protection et avenir pour les jeunes Rohingyas.<\/p>\n<\/div>\n                                    <\/div>\n            <\/div>\n        <\/div>\n                <div class=\"card-footer pb-4\">\n            <a class=\"btn card-cta w-100\" href=\"https:\/\/actionaid.ch\/fr\/notre-action\/projets-specifiques\/bangladesh\/\" target=\"_self\">En savoir plus<\/a>\n        <\/div>\n            \n<\/div>\n                  \n                <li>\n                              <li class=\"slide splide__slide px-2 pb-4\">\n                    \n                    <div class=\"component card card-standard h-100\" style=\"\">\n    \n                <img loading=\"lazy\" decoding=\"async\" width=\"300\" height=\"200\" src=\"https:\/\/actionaid.ch\/wp-content\/uploads\/2025\/06\/R282700-300x200.jpg\" class=\"card-img-top card-image\" alt=\"\" srcset=\"https:\/\/actionaid.ch\/wp-content\/uploads\/2025\/06\/R282700-300x200.jpg 300w, https:\/\/actionaid.ch\/wp-content\/uploads\/2025\/06\/R282700-1024x683.jpg 1024w, https:\/\/actionaid.ch\/wp-content\/uploads\/2025\/06\/R282700-768x512.jpg 768w, https:\/\/actionaid.ch\/wp-content\/uploads\/2025\/06\/R282700.jpg 1200w\" sizes=\"auto, (max-width: 300px) 100vw, 300px\" \/>\n        <!-- <img decoding=\"async\" class=\"card-img-top card-image\" src=\"https:\/\/actionaid.ch\/wp-content\/uploads\/2025\/06\/R282700.jpg\"  alt=\"\"> -->\n                <div class=\"card-body \">\n            \n            <div class=\"d-flex flex-column\">\n\n                <div class=\"order-0\">\n                    \n                                    <\/div>\n\n\n                <div class=\"order-1\">\n                    \n\n                    <h2 class=\"card-title\">\n\n                                            <a href=\"https:\/\/actionaid.ch\/fr\/notre-action\/projets-specifiques\/gambie\/\" target=\"_self\">\n                                        \n                        Gambie\n\n                                            <\/a>\n                                        \n                    <\/h2>\n\n\n                    \n                                        <div class=\"card-summary\"><p data-start=\"73\" data-end=\"124\">Dalaba CRSA : Agro\u00e9cologie et inclusion des jeunes.<\/p>\n<\/div>\n                                    <\/div>\n            <\/div>\n        <\/div>\n                <div class=\"card-footer pb-4\">\n            <a class=\"btn card-cta w-100\" href=\"https:\/\/actionaid.ch\/fr\/notre-action\/projets-specifiques\/gambie\/\" target=\"_self\">En savoir plus<\/a>\n        <\/div>\n            \n<\/div>\n                  \n                <li>\n                              <li class=\"slide splide__slide px-2 pb-4\">\n                    \n                    <div class=\"component card card-standard h-100\" style=\"\">\n    \n                <img loading=\"lazy\" decoding=\"async\" width=\"300\" height=\"138\" src=\"https:\/\/actionaid.ch\/wp-content\/uploads\/2025\/05\/RPCongo_Header-300x138.jpg\" class=\"card-img-top card-image\" alt=\"\" srcset=\"https:\/\/actionaid.ch\/wp-content\/uploads\/2025\/05\/RPCongo_Header-300x138.jpg 300w, https:\/\/actionaid.ch\/wp-content\/uploads\/2025\/05\/RPCongo_Header-1024x470.jpg 1024w, https:\/\/actionaid.ch\/wp-content\/uploads\/2025\/05\/RPCongo_Header-768x352.jpg 768w, https:\/\/actionaid.ch\/wp-content\/uploads\/2025\/05\/RPCongo_Header-1536x705.jpg 1536w, https:\/\/actionaid.ch\/wp-content\/uploads\/2025\/05\/RPCongo_Header.jpg 2014w\" sizes=\"auto, (max-width: 300px) 100vw, 300px\" \/>\n        <!-- <img decoding=\"async\" class=\"card-img-top card-image\" src=\"https:\/\/actionaid.ch\/wp-content\/uploads\/2025\/05\/RPCongo_Header.jpg\"  alt=\"\"> -->\n                <div class=\"card-body \">\n            \n            <div class=\"d-flex flex-column\">\n\n                <div class=\"order-0\">\n                    \n                                    <\/div>\n\n\n                <div class=\"order-1\">\n                    \n\n                    <h2 class=\"card-title\">\n\n                                            <a href=\"https:\/\/actionaid.ch\/fr\/notre-action\/projets-specifiques\/republique-democratique-du-congo\/\" target=\"_self\">\n                                        \n                        R\u00e9publique D\u00e9mocratique du Congo\n\n                                            <\/a>\n                                        \n                    <\/h2>\n\n\n                    \n                                        <div class=\"card-summary\"><p data-start=\"78\" data-end=\"129\">Garantir le droit \u00e0 l\u2019\u00e9ducation et \u00e0 la protection.<\/p>\n<\/div>\n                                    <\/div>\n            <\/div>\n        <\/div>\n                <div class=\"card-footer pb-4\">\n            <a class=\"btn card-cta w-100\" href=\"https:\/\/actionaid.ch\/fr\/notre-action\/projets-specifiques\/republique-democratique-du-congo\/\" target=\"_self\">En savoir plus<\/a>\n        <\/div>\n            \n<\/div>\n                  \n                <li>\n                          <\/ul>\n          <\/div>\n\n          <div class=\"splide__arrows\">\n            <button class=\"splide__arrow splide__arrow--prev\">\n              <i class=\"bi bi-arrow-left-short\"><\/i>\n            <\/button>\n            <button class=\"splide__arrow splide__arrow--next\">\n              <i class=\"bi bi-arrow-right-short\"><\/i>\n            <\/button>\n          <\/div>\n\n        <\/div>\n          \n   \n  \n  <\/div>\n  <\/div>\n<\/div>\n\n\n<div class=\"vidiemme-block quick-donation-band variant-1  \"  style=\"background-image: url(https:\/\/actionaid.ch\/wp-content\/uploads\/2025\/03\/bg-quick-donation.jpg); background-position: 50% 50%; background-size: cover;\" >\n  \n  <div class=\"no-container\">\n    <div class=\"block-container\">\n  <div class=\"block-overlay\"  style=\"background-color: rgba(0,0,0,0.5)\" >\n    <div class=\"container\">\n      <div class=\"row\">\n        <div class=\"col-md-6 d-flex align-items-center\">\n\n          <div>\n            \n            \n                          <h2 class=\"block-title\">Luttez avec <strong>ActionAid<\/strong> pour les droits des femmes<\/h2>\n                      \n                          <div class=\"block-description mt-4\"><p><span class=\"TextRun SCXW227500998 BCX8\" lang=\"FR-CH\" xml:lang=\"FR-CH\" data-contrast=\"auto\"><span class=\"NormalTextRun SCXW227500998 BCX8\">Permettez-leur de vivre loin de la pauvret\u00e9,<br \/>\nde la violence et de l&rsquo;exclusion.\u00a0<\/span><\/span><span class=\"EOP SCXW227500998 BCX8\" data-ccp-props=\"{}\">\u00a0<\/span><\/p>\n<\/div>\n                        \n          <\/div>\n\n        <\/div>\n        <div class=\"col-md-4 offset-md-2 d-flex align-items-center\">\n          <div class=\"bg-white p-4  rounded w-100\">\n\n                \n\n      \n                      <div class=\"component component-raisenow-teaser\">\n\n    \n        <raisenow-teaser \n            id=\"actionaid-ch-recurring\" \n            :config=\"{&quot;language&quot;:&quot;fr&quot;}\" \n            button-label=\"Faites un don\"\n            donation-form-url=\"https:\/\/actionaid.ch\/fr\/donation-forms\/fight_for_women_fr\/\"> <!-- VUE COMPONENT -->\n    \n<\/div>\n\n\n                    <\/div>\n        <\/div>\n\n      <\/div>\n    <\/div>\n  <\/div>\n\n<\/div>\n  <\/div>\n<\/div>\n\n\n<div class=\"vidiemme-block page-launch  \" >\n  \n  <div class=\"container-xl\">\n    <div class=\"block-container\">\n  \n    <div class=\"container\">\n      <div class=\"row\">\n\n        <div class=\"col-md-6 d-flex align-items-center pb-4 order-0\">\n                          <!-- <img decoding=\"async\" src=\"https:\/\/actionaid.ch\/wp-content\/uploads\/2026\/02\/R273215.jpg\" alt=\"Donna etiope seduta con due capre all&#039;ingresso di una casa\" class=\"img-fluid rounded block-image\"> -->\n              <img loading=\"lazy\" decoding=\"async\" width=\"1200\" height=\"800\" src=\"https:\/\/actionaid.ch\/wp-content\/uploads\/2026\/02\/R273215.jpg\" class=\"img-fluid rounded block-image\" alt=\"Donna etiope seduta con due capre all&#039;ingresso di una casa\" srcset=\"https:\/\/actionaid.ch\/wp-content\/uploads\/2026\/02\/R273215.jpg 1200w, https:\/\/actionaid.ch\/wp-content\/uploads\/2026\/02\/R273215-300x200.jpg 300w, https:\/\/actionaid.ch\/wp-content\/uploads\/2026\/02\/R273215-1024x683.jpg 1024w, https:\/\/actionaid.ch\/wp-content\/uploads\/2026\/02\/R273215-768x512.jpg 768w\" sizes=\"auto, (max-width: 1200px) 100vw, 1200px\" \/>\n                    <\/div>\n\n        <div class=\"col-md-6 d-flex align-items-center pb-4 order-1\">\n\n          <div class=\"block-content\">\n                          <h2 class=\"block-title\">Soci\u00e9t\u00e9s, Fondations et Grands Donateurs<\/h2>\n                      \n                          <div class=\"block-description mt-4\"><p>Vous ne souhaitez pas seulement faire un don, mais aussi participer activement aux projets ?<br \/>\nLe soutien de la philanthropie priv\u00e9e est essentiel pour apporter un changement durable et concret.<\/p>\n<\/div>\n            \n                          <a href=\"\/fr\/nous-soutenir\/societes-fondations-et-grands-donateurs\/\" target=\"\" class=\"btn btn-link px-0 mt-4\">En savoir plus<\/a>\n                      <\/div>\n\n        <\/div>\n        \n\n      <\/div>\n    <\/div>\n  \n\n<\/div>\n  <\/div>\n<\/div>\n\n\n<div class=\"vidiemme-block posts-band py-5 \" >\n  \n  <div class=\"no-container\">\n    <div class=\"container\">\n    <div class=\"row  heading\">\n      <div class=\"col-md-8 py-4 d-flex align-items-center\">\n        <div>\n                    <h2 class=\"block-title\"><strong>Actualit\u00e9s<\/strong> du monde entier<\/h2>\n                     \n        <\/div>\n      <\/div>\n      <div class=\"col-md-4 py-4 d-flex align-items-center justify-content-end\">\n                  <a href=\"https:\/\/actionaid.ch\/fr\/actualites\/dernieres-nouvelles\/\" target=\"\" class=\"btn btn-outline-primary \">Toutes les nouvelles<\/a>\n         \n      <\/div>\n    <\/div>    \n\n    <div class=\"row\">\n      <div class=\"col-md-4 pb-4\">\n                <div class=\"component card card-photo h-100\" style=\"background-image: url(https:\/\/actionaid.ch\/wp-content\/uploads\/2026\/04\/FANTA-BAYO-3.jpg); background-position: 50% 50%; background-size: cover;\">\n    \n                <div class=\"card-body \">\n            \n            <div class=\"d-flex flex-column\">\n\n                <div class=\"order-1\">\n                    \n                                        <div class=\"card-date d-inline-block  date\">\n                    08\/04\/2026\n                    <\/div>\n                                    <\/div>\n\n\n                <div class=\"order-0\">\n                    \n\n                    <h2 class=\"card-title\">\n\n                                            <a href=\"https:\/\/actionaid.ch\/fr\/notre-action-au-senegal\/\" target=\"_self\">\n                                        \n                        Notre action au S\u00e9n\u00e9gal\n\n                                            <\/a>\n                                        \n                    <\/h2>\n\n\n                    \n                                        <div class=\"card-summary\">Des nouvelles du pays<\/div>\n                                    <\/div>\n            <\/div>\n        <\/div>\n                <div class=\"card-footer pb-4\">\n            <a class=\"btn card-cta w-100\" href=\"https:\/\/actionaid.ch\/fr\/notre-action-au-senegal\/\" target=\"_self\">En savoir plus<\/a>\n        <\/div>\n            \n<\/div>\n              <\/div>\n      <div class=\"d-none d-md-flex col-md-4 pb-4\">\n                <div class=\"component card card-photo h-100\" style=\"background-image: url(https:\/\/actionaid.ch\/wp-content\/uploads\/2025\/10\/riham_photo2_w780_h522.jpg); background-position: 50% 50%; background-size: cover;\">\n    \n                <div class=\"card-body \">\n            \n            <div class=\"d-flex flex-column\">\n\n                <div class=\"order-1\">\n                    \n                                        <div class=\"card-date d-inline-block  date\">\n                    06\/10\/2025\n                    <\/div>\n                                    <\/div>\n\n\n                <div class=\"order-0\">\n                    \n\n                    <h2 class=\"card-title\">\n\n                                            <a href=\"https:\/\/actionaid.ch\/fr\/entretien-avec-riham-jafari-actionaid-palestine\/\" target=\"_self\">\n                                        \n                        Entretien avec Riham Jafari &#8211; ActionAid Palestine\n\n                                            <\/a>\n                                        \n                    <\/h2>\n\n\n                    \n                                        <div class=\"card-summary\">Responsable de la communication et du plaidoyer d\u2019ActionAid Palestine<\/div>\n                                    <\/div>\n            <\/div>\n        <\/div>\n                <div class=\"card-footer pb-4\">\n            <a class=\"btn card-cta w-100\" href=\"https:\/\/actionaid.ch\/fr\/entretien-avec-riham-jafari-actionaid-palestine\/\" target=\"_self\">En savoir plus<\/a>\n        <\/div>\n            \n<\/div>\n              <\/div>\n      <div class=\"col-md-4 pb-4\">\n        \n                                              <div class=\"list-card card-post pb-3 mb-3 d-md-none\">\n\n    <div class=\"row\">\n        <div class=\"col-4\">\n\n                        <a href=\"https:\/\/actionaid.ch\/fr\/entretien-avec-riham-jafari-actionaid-palestine\/\" target=\"_self\">\n            \n                        <img decoding=\"async\" src=\"https:\/\/actionaid.ch\/wp-content\/uploads\/2025\/10\/riham_photo2_w780_h522.jpg\" alt=\"Riham Jafari\" class=\"img-fluid list-card-image rounded\">\n            \n                        <\/a>\n            \n        <\/div>\n        <div class=\"col-8\">\n                        <h2 class=\"list-card-title\">\n                                    <a href=\"https:\/\/actionaid.ch\/fr\/entretien-avec-riham-jafari-actionaid-palestine\/\" target=\"_self\">\n                \n                Entretien avec Riham Jafari &#8211; ActionAid Palestine\n                 \n                                    <\/a>\n                            <\/h2>\n            \n             \n                        <div class=\"list-card-date d-inline-block date\">\n            06\/10\/2025\n            <\/div>\n            \n        <\/div>\n    <\/div>\n\n   \n    \n<\/div>\n                                      <div class=\"list-card card-post pb-3 mb-3 \">\n\n    <div class=\"row\">\n        <div class=\"col-4\">\n\n                        <a href=\"https:\/\/actionaid.ch\/fr\/stop-aux-mgf\/\" target=\"_self\">\n            \n                        <img decoding=\"async\" src=\"https:\/\/actionaid.ch\/wp-content\/uploads\/2025\/02\/MarianoBeck_MissioneMalawi_ActionAid_05.2023-66-2.jpg\" alt=\"\" class=\"img-fluid list-card-image rounded\">\n            \n                        <\/a>\n            \n        <\/div>\n        <div class=\"col-8\">\n                        <h2 class=\"list-card-title\">\n                                    <a href=\"https:\/\/actionaid.ch\/fr\/stop-aux-mgf\/\" target=\"_self\">\n                \n                Stop aux MGF\n                 \n                                    <\/a>\n                            <\/h2>\n            \n                         <div class=\"list-card-tags d-inline-block me-2\">\n                <a class=\"tag\" href=\"https:\/\/actionaid.ch\/fr\/tag\/droits-de-femmes-2\/\">Droits de Femmes<\/a> &#8211; <a class=\"tag\" href=\"https:\/\/actionaid.ch\/fr\/tag\/mgf-3\/\">MGF<\/a>\n            <\/div>\n            \n                        <div class=\"list-card-date d-inline-block date\">\n            05\/02\/2025\n            <\/div>\n            \n        <\/div>\n    <\/div>\n\n   \n    \n<\/div>\n                                      <div class=\"list-card card-post pb-3 mb-3 \">\n\n    <div class=\"row\">\n        <div class=\"col-4\">\n\n                        <a href=\"https:\/\/actionaid.ch\/fr\/non-je-ne-le-veux-pas-mariage-denfants\/\" target=\"_self\">\n            \n                        <img decoding=\"async\" src=\"https:\/\/actionaid.ch\/wp-content\/uploads\/2024\/07\/R268324.jpg\" alt=\"bambina del Kenya sorridente davanti alla porta della scuola\" class=\"img-fluid list-card-image rounded\">\n            \n                        <\/a>\n            \n        <\/div>\n        <div class=\"col-8\">\n                        <h2 class=\"list-card-title\">\n                                    <a href=\"https:\/\/actionaid.ch\/fr\/non-je-ne-le-veux-pas-mariage-denfants\/\" target=\"_self\">\n                \n                Non, je ne le veux pas\n                 \n                                    <\/a>\n                            <\/h2>\n            \n                         <div class=\"list-card-tags d-inline-block me-2\">\n                <a class=\"tag\" href=\"https:\/\/actionaid.ch\/fr\/tag\/mariage-denfants\/\">Mariage d&rsquo;enfants<\/a>\n            <\/div>\n            \n                        <div class=\"list-card-date d-inline-block date\">\n            21\/07\/2024\n            <\/div>\n            \n        <\/div>\n    <\/div>\n\n   \n    \n<\/div>\n                                      <div class=\"list-card card-post pb-3 mb-3 \">\n\n    <div class=\"row\">\n        <div class=\"col-4\">\n\n                        <a href=\"https:\/\/actionaid.ch\/fr\/lurgence-a-gaza-continue\/\" target=\"_self\">\n            \n                        <img decoding=\"async\" src=\"https:\/\/actionaid.ch\/wp-content\/uploads\/2024\/03\/News_2014x924_Gaza-2-2.jpg\" alt=\"\" class=\"img-fluid list-card-image rounded\">\n            \n                        <\/a>\n            \n        <\/div>\n        <div class=\"col-8\">\n                        <h2 class=\"list-card-title\">\n                                    <a href=\"https:\/\/actionaid.ch\/fr\/lurgence-a-gaza-continue\/\" target=\"_self\">\n                \n                L&rsquo;urgence \u00e0 Gaza continue\n                 \n                                    <\/a>\n                            <\/h2>\n            \n                         <div class=\"list-card-tags d-inline-block me-2\">\n                <a class=\"tag\" href=\"https:\/\/actionaid.ch\/fr\/tag\/gaza-3\/\">Gaza<\/a> &#8211; <a class=\"tag\" href=\"https:\/\/actionaid.ch\/fr\/tag\/urgence\/\">Urgence<\/a>\n            <\/div>\n            \n                        <div class=\"list-card-date d-inline-block date\">\n            13\/03\/2024\n            <\/div>\n            \n        <\/div>\n    <\/div>\n\n   \n    \n<\/div>\n                          \n      <\/div>\n    <\/div>\n\n    \n\n   \n  \n  <\/div>\n  <\/div>\n<\/div>\n","protected":false},"excerpt":{"rendered":"","protected":false},"author":2,"featured_media":0,"parent":0,"menu_order":3,"comment_status":"closed","ping_status":"closed","template":"","meta":{"_acf_changed":false,"footnotes":""},"class_list":["post-2214","page","type-page","status-publish","hentry"],"acf":[],"yoast_head":"<!-- This site is optimized with the Yoast SEO plugin v25.9 - https:\/\/yoast.com\/wordpress\/plugins\/seo\/ -->\n<title>ActionAid Suisse<\/title>\n<meta name=\"description\" content=\"ActionAid Suisse fait partie d\u2019une f\u00e9d\u00e9ration internationale engag\u00e9e pour les droits des femmes et contre la pauvret\u00e9.\" \/>\n<meta name=\"robots\" content=\"index, follow, max-snippet:-1, max-image-preview:large, max-video-preview:-1\" \/>\n<link rel=\"canonical\" href=\"https:\/\/actionaid.ch\/fr\/\" \/>\n<meta property=\"og:locale\" content=\"fr_FR\" \/>\n<meta property=\"og:type\" content=\"article\" \/>\n<meta property=\"og:title\" content=\"ActionAid Suisse\" \/>\n<meta property=\"og:description\" content=\"ActionAid Suisse fait partie d\u2019une f\u00e9d\u00e9ration internationale engag\u00e9e pour les droits des femmes et contre la pauvret\u00e9.\" \/>\n<meta property=\"og:url\" content=\"https:\/\/actionaid.ch\/fr\/\" \/>\n<meta property=\"og:site_name\" content=\"ActionAid\" \/>\n<meta property=\"article:publisher\" content=\"https:\/\/www.facebook.com\/ActionAidSwitzerland\/?locale=it_IT\" \/>\n<meta property=\"article:modified_time\" content=\"2026-03-25T11:48:10+00:00\" \/>\n<meta name=\"twitter:card\" content=\"summary_large_image\" \/>\n<script type=\"application\/ld+json\" class=\"yoast-schema-graph\">{\"@context\":\"https:\/\/schema.org\",\"@graph\":[{\"@type\":\"WebPage\",\"@id\":\"https:\/\/actionaid.ch\/fr\/\",\"url\":\"https:\/\/actionaid.ch\/fr\/\",\"name\":\"ActionAid Suisse\",\"isPartOf\":{\"@id\":\"https:\/\/actionaid.ch\/fr\/#website\"},\"datePublished\":\"2025-03-10T13:36:13+00:00\",\"dateModified\":\"2026-03-25T11:48:10+00:00\",\"description\":\"ActionAid Suisse fait partie d\u2019une f\u00e9d\u00e9ration internationale engag\u00e9e pour les droits des femmes et contre la pauvret\u00e9.\",\"breadcrumb\":{\"@id\":\"https:\/\/actionaid.ch\/fr\/#breadcrumb\"},\"inLanguage\":\"fr-FR\",\"potentialAction\":[{\"@type\":\"ReadAction\",\"target\":[\"https:\/\/actionaid.ch\/fr\/\"]}]},{\"@type\":\"BreadcrumbList\",\"@id\":\"https:\/\/actionaid.ch\/fr\/#breadcrumb\",\"itemListElement\":[{\"@type\":\"ListItem\",\"position\":1,\"name\":\"Home\",\"item\":\"https:\/\/actionaid.ch\/fr\/\"},{\"@type\":\"ListItem\",\"position\":2,\"name\":\"ActionAid Suisse\"}]},{\"@type\":\"WebSite\",\"@id\":\"https:\/\/actionaid.ch\/fr\/#website\",\"url\":\"https:\/\/actionaid.ch\/fr\/\",\"name\":\"ActionAid Svizzera\",\"description\":\"\",\"publisher\":{\"@id\":\"https:\/\/actionaid.ch\/fr\/#organization\"},\"potentialAction\":[{\"@type\":\"SearchAction\",\"target\":{\"@type\":\"EntryPoint\",\"urlTemplate\":\"https:\/\/actionaid.ch\/fr\/?s={search_term_string}\"},\"query-input\":{\"@type\":\"PropertyValueSpecification\",\"valueRequired\":true,\"valueName\":\"search_term_string\"}}],\"inLanguage\":\"fr-FR\"},{\"@type\":\"Organization\",\"@id\":\"https:\/\/actionaid.ch\/fr\/#organization\",\"name\":\"ActionAid Svizzera\",\"url\":\"https:\/\/actionaid.ch\/fr\/\",\"logo\":{\"@type\":\"ImageObject\",\"inLanguage\":\"fr-FR\",\"@id\":\"https:\/\/actionaid.ch\/fr\/#\/schema\/logo\/image\/\",\"url\":\"https:\/\/actionaid.ch\/wp-content\/uploads\/2025\/04\/Logo_rosso.png\",\"contentUrl\":\"https:\/\/actionaid.ch\/wp-content\/uploads\/2025\/04\/Logo_rosso.png\",\"width\":2331,\"height\":407,\"caption\":\"ActionAid Svizzera\"},\"image\":{\"@id\":\"https:\/\/actionaid.ch\/fr\/#\/schema\/logo\/image\/\"},\"sameAs\":[\"https:\/\/www.facebook.com\/ActionAidSwitzerland\/?locale=it_IT\",\"https:\/\/www.instagram.com\/actionaid_international\/?hl=en\"]}]}<\/script>\n<!-- \/ Yoast SEO plugin. -->","yoast_head_json":{"title":"ActionAid Suisse","description":"ActionAid Suisse fait partie d\u2019une f\u00e9d\u00e9ration internationale engag\u00e9e pour les droits des femmes et contre la pauvret\u00e9.","robots":{"index":"index","follow":"follow","max-snippet":"max-snippet:-1","max-image-preview":"max-image-preview:large","max-video-preview":"max-video-preview:-1"},"canonical":"https:\/\/actionaid.ch\/fr\/","og_locale":"fr_FR","og_type":"article","og_title":"ActionAid Suisse","og_description":"ActionAid Suisse fait partie d\u2019une f\u00e9d\u00e9ration internationale engag\u00e9e pour les droits des femmes et contre la pauvret\u00e9.","og_url":"https:\/\/actionaid.ch\/fr\/","og_site_name":"ActionAid","article_publisher":"https:\/\/www.facebook.com\/ActionAidSwitzerland\/?locale=it_IT","article_modified_time":"2026-03-25T11:48:10+00:00","twitter_card":"summary_large_image","schema":{"@context":"https:\/\/schema.org","@graph":[{"@type":"WebPage","@id":"https:\/\/actionaid.ch\/fr\/","url":"https:\/\/actionaid.ch\/fr\/","name":"ActionAid Suisse","isPartOf":{"@id":"https:\/\/actionaid.ch\/fr\/#website"},"datePublished":"2025-03-10T13:36:13+00:00","dateModified":"2026-03-25T11:48:10+00:00","description":"ActionAid Suisse fait partie d\u2019une f\u00e9d\u00e9ration internationale engag\u00e9e pour les droits des femmes et contre la pauvret\u00e9.","breadcrumb":{"@id":"https:\/\/actionaid.ch\/fr\/#breadcrumb"},"inLanguage":"fr-FR","potentialAction":[{"@type":"ReadAction","target":["https:\/\/actionaid.ch\/fr\/"]}]},{"@type":"BreadcrumbList","@id":"https:\/\/actionaid.ch\/fr\/#breadcrumb","itemListElement":[{"@type":"ListItem","position":1,"name":"Home","item":"https:\/\/actionaid.ch\/fr\/"},{"@type":"ListItem","position":2,"name":"ActionAid Suisse"}]},{"@type":"WebSite","@id":"https:\/\/actionaid.ch\/fr\/#website","url":"https:\/\/actionaid.ch\/fr\/","name":"ActionAid Svizzera","description":"","publisher":{"@id":"https:\/\/actionaid.ch\/fr\/#organization"},"potentialAction":[{"@type":"SearchAction","target":{"@type":"EntryPoint","urlTemplate":"https:\/\/actionaid.ch\/fr\/?s={search_term_string}"},"query-input":{"@type":"PropertyValueSpecification","valueRequired":true,"valueName":"search_term_string"}}],"inLanguage":"fr-FR"},{"@type":"Organization","@id":"https:\/\/actionaid.ch\/fr\/#organization","name":"ActionAid Svizzera","url":"https:\/\/actionaid.ch\/fr\/","logo":{"@type":"ImageObject","inLanguage":"fr-FR","@id":"https:\/\/actionaid.ch\/fr\/#\/schema\/logo\/image\/","url":"https:\/\/actionaid.ch\/wp-content\/uploads\/2025\/04\/Logo_rosso.png","contentUrl":"https:\/\/actionaid.ch\/wp-content\/uploads\/2025\/04\/Logo_rosso.png","width":2331,"height":407,"caption":"ActionAid Svizzera"},"image":{"@id":"https:\/\/actionaid.ch\/fr\/#\/schema\/logo\/image\/"},"sameAs":["https:\/\/www.facebook.com\/ActionAidSwitzerland\/?locale=it_IT","https:\/\/www.instagram.com\/actionaid_international\/?hl=en"]}]}},"_links":{"self":[{"href":"https:\/\/actionaid.ch\/fr\/wp-json\/wp\/v2\/pages\/2214","targetHints":{"allow":["GET"]}}],"collection":[{"href":"https:\/\/actionaid.ch\/fr\/wp-json\/wp\/v2\/pages"}],"about":[{"href":"https:\/\/actionaid.ch\/fr\/wp-json\/wp\/v2\/types\/page"}],"author":[{"embeddable":true,"href":"https:\/\/actionaid.ch\/fr\/wp-json\/wp\/v2\/users\/2"}],"replies":[{"embeddable":true,"href":"https:\/\/actionaid.ch\/fr\/wp-json\/wp\/v2\/comments?post=2214"}],"version-history":[{"count":0,"href":"https:\/\/actionaid.ch\/fr\/wp-json\/wp\/v2\/pages\/2214\/revisions"}],"wp:attachment":[{"href":"https:\/\/actionaid.ch\/fr\/wp-json\/wp\/v2\/media?parent=2214"}],"curies":[{"name":"wp","href":"https:\/\/api.w.org\/{rel}","templated":true}]}}