{"id":18921,"date":"2026-09-03T13:23:17","date_gmt":"2026-09-03T11:23:17","guid":{"rendered":"https:\/\/actionaid.ch\/?post_type=donation-forms&#038;p=18921"},"modified":"2026-09-03T13:23:18","modified_gmt":"2026-09-03T11:23:18","slug":"nepal_pop_fr","status":"publish","type":"donation-forms","link":"https:\/\/actionaid.ch\/fr\/donation-forms\/nepal_pop_fr\/","title":{"rendered":"Urgence au Nepal"},"content":{"rendered":"<div class=\"vidiemme-block basic-editor  \" >\n  \n  <div class=\"container-xl\">\n    <p>Le 26 ao\u00fbt, <strong>des inondations catastrophiques ont frapp\u00e9 le centre-nord du N\u00e9pal<\/strong>, faisant des victimes et des disparus et causant d\u2019importants d\u00e9g\u00e2ts dans plusieurs communaut\u00e9s.<\/p>\n<p><strong>\u00c0 ce jour, le bilan d\u00e9passe les 1 000 morts et plus de 4 500 personnes sont port\u00e9es disparues, un chiffre qui ne cesse d\u2019augmenter.<\/strong> Environ 317 000 personnes ont \u00e9t\u00e9 touch\u00e9es et 40 000 ont \u00e9t\u00e9 contraintes de quitter leur foyer.<\/p>\n<p><span style=\"color: #ed1c24;\"><strong>ActionAid est pr\u00e9sente au N\u00e9pal depuis 1982<\/strong> <\/span>et est d\u00e9j\u00e0 intervenue par le pass\u00e9 pour venir en aide aux populations touch\u00e9es par des inondations et des s\u00e9ismes. Notre exp\u00e9rience et notre pr\u00e9sence sur le terrain <strong>nous ont permis d\u2019agir imm\u00e9diatement. Nous coordonnons actuellement les secours<\/strong> avec les autorit\u00e9s locales, les organisations humanitaires et nos partenaires locaux.<\/p>\n<p><strong><span style=\"color: #ed1c24;\">Nous soutenons les personnes touch\u00e9es en leur fournissant<\/span><\/strong> :<\/p>\n<ul>\n<li>des abris d&rsquo;urgence et des produits de premi\u00e8re n\u00e9cessit\u00e9 ;<\/li>\n<li>de la nourriture et de l&rsquo;eau potable ;<\/li>\n<li>des kits d&rsquo;hygi\u00e8ne et d&rsquo;assainissement ;<\/li>\n<li>des premiers soins et un accompagnement psychosocial ;<\/li>\n<li>une protection pour les enfants, les femmes, les personnes \u00e2g\u00e9es et les personnes en situation de handicap ;<\/li>\n<li>un soutien aux familles qui ont perdu.<\/li>\n<\/ul>\n  <\/div>\n<\/div>\n\n\n\n<hr class=\"wp-block-separator has-alpha-channel-opacity\"\/>\n\n\n<div class=\"vidiemme-block contact-boxes  \" >\n  \n  <div class=\"container-xl\">\n    <div class=\"contact-box mb-4\">\n      <h3><span style=\"color: #ed1c24;\"><strong>Des questions ?<\/strong><\/span><\/h3>\n<p>Nous sommes toujours \u00e0 votre disposition! \u00c9crivez-nous \u00e0 <a href=\"mailto:soutiens.ch@actionaid.org\" target=\"_blank\" rel=\"noopener\">soutiens.ch@actionaid.org<\/a> ou appelez-nous au <strong>+41 91 922 65 42<\/strong>.<\/p>\n\n      <\/div>\n  <\/div>\n<\/div>\n\n\n<div class=\"vidiemme-block focused-content mt-5 \" >\n  \n  <div class=\"container-xl\">\n    <div class=\"focused\">\n\n      \n            <div class=\"description\"><p>Vous \u00eates une <strong>Soci\u00e9t\u00e9<\/strong>, une <strong>Fondation<\/strong> ou un <strong>Grand Donateur<\/strong> ? Contactez:<\/p>\n<\/div>\n      \n            <div class=\"footer-rows\">\n                  <div class=\"row mt-4\">   \n            <div class=\"col-md-2 pt-4\">\n              <!-- <img decoding=\"async\"  class=\"img-fluid rounded w-100\" src=\"https:\/\/actionaid.ch\/wp-content\/uploads\/2025\/06\/Vitali-1.jpg\" alt=\"Claudia Vitali - Corporate, Major Donor &amp; Philanthropy Officer\"> -->\n\n              \n              <img loading=\"lazy\" decoding=\"async\" width=\"340\" height=\"340\" src=\"https:\/\/actionaid.ch\/wp-content\/uploads\/2025\/06\/Vitali-1.jpg\" class=\"img-fluid rounded w-100\" alt=\"Claudia Vitali - Corporate, Major Donor &amp; Philanthropy Officer\" srcset=\"https:\/\/actionaid.ch\/wp-content\/uploads\/2025\/06\/Vitali-1.jpg 340w, https:\/\/actionaid.ch\/wp-content\/uploads\/2025\/06\/Vitali-1-300x300.jpg 300w, https:\/\/actionaid.ch\/wp-content\/uploads\/2025\/06\/Vitali-1-150x150.jpg 150w\" sizes=\"auto, (max-width: 340px) 100vw, 340px\" \/>\n            <\/div> \n            <div class=\"col-md-10 pt-4\">\n              <p><strong>Claudia Vitali<\/strong><\/p>\n<p>Corporate, Major Donor &amp; Philanthropy Officer<br \/>\n<a href=\"mailto:claudia.vitali@actionaid.org\">claudia.vitali@actionaid.org<\/a><br \/>\n<a href=\"tel:+393349836820\">+39 3349836820<\/a><\/p>\n\n            <\/div> \n          <\/div>\n              <\/div>\n      \n          \n    <\/div>\n  <\/div>\n<\/div>\n\n\n\n<hr class=\"wp-block-separator has-alpha-channel-opacity\"\/>\n\n\n\n<h2 class=\"wp-block-heading has-text-color has-link-color wp-elements-1\" style=\"color:#ed1c24\">Questions Fr\u00e9quemment Pos\u00e9es<\/h2>\n\n\n<div class=\"vidiemme-block faq-band my-5 \" >\n  \n  <div class=\"container-xl\">\n    <div class=\"accordion\" id=\"accordion-6a9ae2c4052ec\">\n              <div class=\"accordion-item\">\n          <div class=\"accordion-header\">\n            <button class=\"accordion-button collapsed\" type=\"button\" data-bs-toggle=\"collapse\" data-bs-target=\"#accordion-6a9ae2c4052ec-0\" aria-expanded=\"true\" aria-controls=\"accordion-6a9ae2c4052ec-0\">\n              <h3>Comment vos dons sont-ils utilis\u00e9s ?<\/h3>\n            <\/button>\n          <\/div>\n          <div id=\"accordion-6a9ae2c4052ec-0\" class=\"accordion-collapse collapse\" data-bs-parent=\"#accordion-6a9ae2c4052ec\">\n            <div class=\"accordion-body\">\n              <p>Votre contribution sert \u00e0 mettre en \u0153uvre des <strong>actions concr\u00e8tes<\/strong>, <strong>d\u00e9finies selon les priorit\u00e9s de nos \u00e9quipes locales.<\/strong><\/p>\n<p>Au niveau de la f\u00e9d\u00e9ration, <strong>70 % des fonds sont destin\u00e9s aux pays et communaut\u00e9s que nous soutenons<\/strong>. Les 30 % restants servent aux campagnes de sensibilisation et aux frais de fonctionnement.<\/p>\n<p>D\u00e9couvrez-en davantage sur <a href=\"https:\/\/actionaid.ch\/fr\/notre-action\/\">notre action dans les pays du Sud global<\/a>.<\/p>\n\n            <\/div>\n          <\/div>\n        <\/div>\n\n              <div class=\"accordion-item\">\n          <div class=\"accordion-header\">\n            <button class=\"accordion-button collapsed\" type=\"button\" data-bs-toggle=\"collapse\" data-bs-target=\"#accordion-6a9ae2c4052ec-1\" aria-expanded=\"true\" aria-controls=\"accordion-6a9ae2c4052ec-1\">\n              <h3>Mes dons sont-ils d\u00e9ductibles ?<\/h3>\n            <\/button>\n          <\/div>\n          <div id=\"accordion-6a9ae2c4052ec-1\" class=\"accordion-collapse collapse\" data-bs-parent=\"#accordion-6a9ae2c4052ec\">\n            <div class=\"accordion-body\">\n              <p><strong>Oui<\/strong> ! Dans de nombreux cantons suisses, les dons \u00e0 ActionAid peuvent \u00eatre d\u00e9duits de la d\u00e9claration d\u2019imp\u00f4ts. Chaque ann\u00e9e, <strong>nous vous enverrons une attestation<\/strong> de don \u00e0 utiliser \u00e0 cet effet.<\/p>\n\n            <\/div>\n          <\/div>\n        <\/div>\n\n              <div class=\"accordion-item\">\n          <div class=\"accordion-header\">\n            <button class=\"accordion-button collapsed\" type=\"button\" data-bs-toggle=\"collapse\" data-bs-target=\"#accordion-6a9ae2c4052ec-2\" aria-expanded=\"true\" aria-controls=\"accordion-6a9ae2c4052ec-2\">\n              <h3>Comment puis-je avoir confiance ?<\/h3>\n            <\/button>\n          <\/div>\n          <div id=\"accordion-6a9ae2c4052ec-2\" class=\"accordion-collapse collapse\" data-bs-parent=\"#accordion-6a9ae2c4052ec\">\n            <div class=\"accordion-body\">\n              <p><strong>ActionAid Switzerland<\/strong> a \u00e9t\u00e9 <strong>l\u00e9galement constitu\u00e9e le 18 f\u00e9vrier 2013 \u00e0 Lugano,<\/strong> dans le but de lutter contre la pauvret\u00e9 et l\u2019exclusion sociale dans le monde. Depuis, nous avons collect\u00e9 des fonds et soutenu de nombreuses personnes et projets. Vous pouvez <a href=\"https:\/\/actionaid.ch\/fr\/a-propos-de-nous\/transparence\/\"><strong>consulter \u00e0 tout moment notre rapport annuel<\/strong><\/a> pour en savoir plus sur nos activit\u00e9s.<\/p>\n\n            <\/div>\n          <\/div>\n        <\/div>\n\n              <div class=\"accordion-item\">\n          <div class=\"accordion-header\">\n            <button class=\"accordion-button collapsed\" type=\"button\" data-bs-toggle=\"collapse\" data-bs-target=\"#accordion-6a9ae2c4052ec-3\" aria-expanded=\"true\" aria-controls=\"accordion-6a9ae2c4052ec-3\">\n              <h3>Puis-je faire un don en tant qu\u2019entreprise ou fondation ?<\/h3>\n            <\/button>\n          <\/div>\n          <div id=\"accordion-6a9ae2c4052ec-3\" class=\"accordion-collapse collapse\" data-bs-parent=\"#accordion-6a9ae2c4052ec\">\n            <div class=\"accordion-body\">\n              <p>Oui. Les entreprises et fondations peuvent soutenir notre travail par des contributions financi\u00e8res ou des partenariats. Contactez:<\/p>\n<p><strong>Claudia Vitali &#8211;\u00a0<\/strong>Corporate, Major Donor &amp; Philanthropy Officer<br \/>\n<a href=\"mailto:claudia.vitali@actionaid.org\">claudia.vitali@actionaid.org<\/a><br \/>\n<a href=\"tel:+393349836820\">+39 3349836820<\/a><\/p>\n\n            <\/div>\n          <\/div>\n        <\/div>\n\n            <\/div>\n  <\/div>\n<\/div>\n\n\n<div class=\"vidiemme-block basic-editor  \" >\n  \n  <div class=\"container-xl\">\n    <h6><em>Photocredits: Prabin \u200bRanabhat<\/em><\/h6>\n  <\/div>\n<\/div>\n","protected":false},"featured_media":18866,"template":"","class_list":["post-18921","donation-forms","type-donation-forms","status-publish","has-post-thumbnail","hentry"],"acf":[],"yoast_head":"<!-- This site is optimized with the Yoast SEO plugin v28.1 - https:\/\/yoast.com\/product\/yoast-seo-wordpress\/ -->\n<title>Urgence au Nepal - ActionAid Suisse<\/title>\n<meta name=\"description\" content=\"Faites un don pour l&#039;urgence au N\u00e9pal . Gr\u00e2ce \u00e0 votre soutien, nous pouvons aider les personnes touch\u00e9es par les inondations.\" \/>\n<meta name=\"robots\" content=\"index, follow, max-snippet:-1, max-image-preview:large, max-video-preview:-1\" \/>\n<link rel=\"canonical\" href=\"https:\/\/actionaid.ch\/fr\/donation-forms\/nepal_pop_fr\/\" \/>\n<meta property=\"og:locale\" content=\"fr_FR\" \/>\n<meta property=\"og:type\" content=\"article\" \/>\n<meta property=\"og:title\" content=\"Urgence au Nepal - ActionAid Suisse\" \/>\n<meta property=\"og:description\" content=\"Faites un don pour l&#039;urgence au N\u00e9pal . Gr\u00e2ce \u00e0 votre soutien, nous pouvons aider les personnes touch\u00e9es par les inondations.\" \/>\n<meta property=\"og:url\" content=\"https:\/\/actionaid.ch\/fr\/donation-forms\/nepal_pop_fr\/\" \/>\n<meta property=\"og:site_name\" content=\"ActionAid\" \/>\n<meta property=\"article:publisher\" content=\"https:\/\/www.facebook.com\/ActionAidSwitzerland\/?locale=it_IT\" \/>\n<meta property=\"article:modified_time\" content=\"2026-09-03T11:23:18+00:00\" \/>\n<meta property=\"og:image\" content=\"https:\/\/actionaid.ch\/wp-content\/uploads\/2026\/08\/R316189.jpg\" \/>\n\t<meta property=\"og:image:width\" content=\"1400\" \/>\n\t<meta property=\"og:image:height\" content=\"788\" \/>\n\t<meta property=\"og:image:type\" content=\"image\/jpeg\" \/>\n<meta name=\"twitter:card\" content=\"summary_large_image\" \/>\n<meta name=\"twitter:label1\" content=\"Dur\u00e9e de lecture estim\u00e9e\" \/>\n\t<meta name=\"twitter:data1\" content=\"1 minute\" \/>\n<script type=\"application\/ld+json\" class=\"yoast-schema-graph\">{\"@context\":\"https:\\\/\\\/schema.org\",\"@graph\":[{\"@type\":\"WebPage\",\"@id\":\"https:\\\/\\\/actionaid.ch\\\/fr\\\/donation-forms\\\/nepal_pop_fr\\\/\",\"url\":\"https:\\\/\\\/actionaid.ch\\\/fr\\\/donation-forms\\\/nepal_pop_fr\\\/\",\"name\":\"Urgence au Nepal - ActionAid Suisse\",\"isPartOf\":{\"@id\":\"https:\\\/\\\/actionaid.ch\\\/fr\\\/#website\"},\"primaryImageOfPage\":{\"@id\":\"https:\\\/\\\/actionaid.ch\\\/fr\\\/donation-forms\\\/nepal_pop_fr\\\/#primaryimage\"},\"image\":{\"@id\":\"https:\\\/\\\/actionaid.ch\\\/fr\\\/donation-forms\\\/nepal_pop_fr\\\/#primaryimage\"},\"thumbnailUrl\":\"https:\\\/\\\/actionaid.ch\\\/wp-content\\\/uploads\\\/2026\\\/08\\\/R316189.jpg\",\"datePublished\":\"2026-09-03T11:23:17+00:00\",\"dateModified\":\"2026-09-03T11:23:18+00:00\",\"description\":\"Faites un don pour l'urgence au N\u00e9pal . Gr\u00e2ce \u00e0 votre soutien, nous pouvons aider les personnes touch\u00e9es par les inondations.\",\"breadcrumb\":{\"@id\":\"https:\\\/\\\/actionaid.ch\\\/fr\\\/donation-forms\\\/nepal_pop_fr\\\/#breadcrumb\"},\"inLanguage\":\"fr-FR\",\"potentialAction\":[{\"@type\":\"ReadAction\",\"target\":[\"https:\\\/\\\/actionaid.ch\\\/fr\\\/donation-forms\\\/nepal_pop_fr\\\/\"]}]},{\"@type\":\"ImageObject\",\"inLanguage\":\"fr-FR\",\"@id\":\"https:\\\/\\\/actionaid.ch\\\/fr\\\/donation-forms\\\/nepal_pop_fr\\\/#primaryimage\",\"url\":\"https:\\\/\\\/actionaid.ch\\\/wp-content\\\/uploads\\\/2026\\\/08\\\/R316189.jpg\",\"contentUrl\":\"https:\\\/\\\/actionaid.ch\\\/wp-content\\\/uploads\\\/2026\\\/08\\\/R316189.jpg\",\"width\":1400,\"height\":788,\"caption\":\"Vue a\u00e9rienne montrant des b\u00e2timents r\u00e9sidentiels touch\u00e9s par les crues soudaines et le glissement de terrain \u00e0 Devighat, dans la commune de Bidur, dans le district de Nuwakot au N\u00e9pal\"},{\"@type\":\"BreadcrumbList\",\"@id\":\"https:\\\/\\\/actionaid.ch\\\/fr\\\/donation-forms\\\/nepal_pop_fr\\\/#breadcrumb\",\"itemListElement\":[{\"@type\":\"ListItem\",\"position\":1,\"name\":\"Home\",\"item\":\"https:\\\/\\\/actionaid.ch\\\/fr\\\/\"},{\"@type\":\"ListItem\",\"position\":2,\"name\":\"Urgence au Nepal\"}]},{\"@type\":\"WebSite\",\"@id\":\"https:\\\/\\\/actionaid.ch\\\/fr\\\/#website\",\"url\":\"https:\\\/\\\/actionaid.ch\\\/fr\\\/\",\"name\":\"ActionAid Svizzera\",\"description\":\"\",\"publisher\":{\"@id\":\"https:\\\/\\\/actionaid.ch\\\/fr\\\/#organization\"},\"potentialAction\":[{\"@type\":\"SearchAction\",\"target\":{\"@type\":\"EntryPoint\",\"urlTemplate\":\"https:\\\/\\\/actionaid.ch\\\/fr\\\/?s={search_term_string}\"},\"query-input\":{\"@type\":\"PropertyValueSpecification\",\"valueRequired\":true,\"valueName\":\"search_term_string\"}}],\"inLanguage\":\"fr-FR\"},{\"@type\":\"Organization\",\"@id\":\"https:\\\/\\\/actionaid.ch\\\/fr\\\/#organization\",\"name\":\"ActionAid Svizzera\",\"url\":\"https:\\\/\\\/actionaid.ch\\\/fr\\\/\",\"logo\":{\"@type\":\"ImageObject\",\"inLanguage\":\"fr-FR\",\"@id\":\"https:\\\/\\\/actionaid.ch\\\/fr\\\/#\\\/schema\\\/logo\\\/image\\\/\",\"url\":\"https:\\\/\\\/actionaid.ch\\\/wp-content\\\/uploads\\\/2025\\\/04\\\/Logo_rosso.png\",\"contentUrl\":\"https:\\\/\\\/actionaid.ch\\\/wp-content\\\/uploads\\\/2025\\\/04\\\/Logo_rosso.png\",\"width\":2331,\"height\":407,\"caption\":\"ActionAid Svizzera\"},\"image\":{\"@id\":\"https:\\\/\\\/actionaid.ch\\\/fr\\\/#\\\/schema\\\/logo\\\/image\\\/\"},\"sameAs\":[\"https:\\\/\\\/www.facebook.com\\\/ActionAidSwitzerland\\\/?locale=it_IT\",\"https:\\\/\\\/www.instagram.com\\\/actionaid_international\\\/?hl=en\"]}]}<\/script>\n<!-- \/ Yoast SEO plugin. -->","yoast_head_json":{"title":"Urgence au Nepal - ActionAid Suisse","description":"Faites un don pour l'urgence au N\u00e9pal . Gr\u00e2ce \u00e0 votre soutien, nous pouvons aider les personnes touch\u00e9es par les inondations.","robots":{"index":"index","follow":"follow","max-snippet":"max-snippet:-1","max-image-preview":"max-image-preview:large","max-video-preview":"max-video-preview:-1"},"canonical":"https:\/\/actionaid.ch\/fr\/donation-forms\/nepal_pop_fr\/","og_locale":"fr_FR","og_type":"article","og_title":"Urgence au Nepal - ActionAid Suisse","og_description":"Faites un don pour l'urgence au N\u00e9pal . Gr\u00e2ce \u00e0 votre soutien, nous pouvons aider les personnes touch\u00e9es par les inondations.","og_url":"https:\/\/actionaid.ch\/fr\/donation-forms\/nepal_pop_fr\/","og_site_name":"ActionAid","article_publisher":"https:\/\/www.facebook.com\/ActionAidSwitzerland\/?locale=it_IT","article_modified_time":"2026-09-03T11:23:18+00:00","og_image":[{"width":1400,"height":788,"url":"https:\/\/actionaid.ch\/wp-content\/uploads\/2026\/08\/R316189.jpg","type":"image\/jpeg"}],"twitter_card":"summary_large_image","twitter_misc":{"Dur\u00e9e de lecture estim\u00e9e":"1 minute"},"schema":{"@context":"https:\/\/schema.org","@graph":[{"@type":"WebPage","@id":"https:\/\/actionaid.ch\/fr\/donation-forms\/nepal_pop_fr\/","url":"https:\/\/actionaid.ch\/fr\/donation-forms\/nepal_pop_fr\/","name":"Urgence au Nepal - ActionAid Suisse","isPartOf":{"@id":"https:\/\/actionaid.ch\/fr\/#website"},"primaryImageOfPage":{"@id":"https:\/\/actionaid.ch\/fr\/donation-forms\/nepal_pop_fr\/#primaryimage"},"image":{"@id":"https:\/\/actionaid.ch\/fr\/donation-forms\/nepal_pop_fr\/#primaryimage"},"thumbnailUrl":"https:\/\/actionaid.ch\/wp-content\/uploads\/2026\/08\/R316189.jpg","datePublished":"2026-09-03T11:23:17+00:00","dateModified":"2026-09-03T11:23:18+00:00","description":"Faites un don pour l'urgence au N\u00e9pal . Gr\u00e2ce \u00e0 votre soutien, nous pouvons aider les personnes touch\u00e9es par les inondations.","breadcrumb":{"@id":"https:\/\/actionaid.ch\/fr\/donation-forms\/nepal_pop_fr\/#breadcrumb"},"inLanguage":"fr-FR","potentialAction":[{"@type":"ReadAction","target":["https:\/\/actionaid.ch\/fr\/donation-forms\/nepal_pop_fr\/"]}]},{"@type":"ImageObject","inLanguage":"fr-FR","@id":"https:\/\/actionaid.ch\/fr\/donation-forms\/nepal_pop_fr\/#primaryimage","url":"https:\/\/actionaid.ch\/wp-content\/uploads\/2026\/08\/R316189.jpg","contentUrl":"https:\/\/actionaid.ch\/wp-content\/uploads\/2026\/08\/R316189.jpg","width":1400,"height":788,"caption":"Vue a\u00e9rienne montrant des b\u00e2timents r\u00e9sidentiels touch\u00e9s par les crues soudaines et le glissement de terrain \u00e0 Devighat, dans la commune de Bidur, dans le district de Nuwakot au N\u00e9pal"},{"@type":"BreadcrumbList","@id":"https:\/\/actionaid.ch\/fr\/donation-forms\/nepal_pop_fr\/#breadcrumb","itemListElement":[{"@type":"ListItem","position":1,"name":"Home","item":"https:\/\/actionaid.ch\/fr\/"},{"@type":"ListItem","position":2,"name":"Urgence au Nepal"}]},{"@type":"WebSite","@id":"https:\/\/actionaid.ch\/fr\/#website","url":"https:\/\/actionaid.ch\/fr\/","name":"ActionAid Svizzera","description":"","publisher":{"@id":"https:\/\/actionaid.ch\/fr\/#organization"},"potentialAction":[{"@type":"SearchAction","target":{"@type":"EntryPoint","urlTemplate":"https:\/\/actionaid.ch\/fr\/?s={search_term_string}"},"query-input":{"@type":"PropertyValueSpecification","valueRequired":true,"valueName":"search_term_string"}}],"inLanguage":"fr-FR"},{"@type":"Organization","@id":"https:\/\/actionaid.ch\/fr\/#organization","name":"ActionAid Svizzera","url":"https:\/\/actionaid.ch\/fr\/","logo":{"@type":"ImageObject","inLanguage":"fr-FR","@id":"https:\/\/actionaid.ch\/fr\/#\/schema\/logo\/image\/","url":"https:\/\/actionaid.ch\/wp-content\/uploads\/2025\/04\/Logo_rosso.png","contentUrl":"https:\/\/actionaid.ch\/wp-content\/uploads\/2025\/04\/Logo_rosso.png","width":2331,"height":407,"caption":"ActionAid Svizzera"},"image":{"@id":"https:\/\/actionaid.ch\/fr\/#\/schema\/logo\/image\/"},"sameAs":["https:\/\/www.facebook.com\/ActionAidSwitzerland\/?locale=it_IT","https:\/\/www.instagram.com\/actionaid_international\/?hl=en"]}]}},"_links":{"self":[{"href":"https:\/\/actionaid.ch\/fr\/wp-json\/wp\/v2\/donation-forms\/18921","targetHints":{"allow":["GET"]}}],"collection":[{"href":"https:\/\/actionaid.ch\/fr\/wp-json\/wp\/v2\/donation-forms"}],"about":[{"href":"https:\/\/actionaid.ch\/fr\/wp-json\/wp\/v2\/types\/donation-forms"}],"wp:featuredmedia":[{"embeddable":true,"href":"https:\/\/actionaid.ch\/fr\/wp-json\/wp\/v2\/media\/18866"}],"wp:attachment":[{"href":"https:\/\/actionaid.ch\/fr\/wp-json\/wp\/v2\/media?parent=18921"}],"curies":[{"name":"wp","href":"https:\/\/api.w.org\/{rel}","templated":true}]}}