{"id":18922,"date":"2026-09-03T13:25:41","date_gmt":"2026-09-03T11:25:41","guid":{"rendered":"https:\/\/actionaid.ch\/?post_type=donation-forms&#038;p=18922"},"modified":"2026-09-03T13:25:42","modified_gmt":"2026-09-03T11:25:42","slug":"nepal_pop_de","status":"publish","type":"donation-forms","link":"https:\/\/actionaid.ch\/de\/donation-forms\/nepal_pop_de\/","title":{"rendered":"Flutkatastrophe in Nepal"},"content":{"rendered":"<div class=\"vidiemme-block basic-editor  \" >\n  \n  <div class=\"container-xl\">\n    <p>Am 26. August <strong>wurde der zentrale Norden Nepals von einer verheerenden Flutkatastrophe getroffen<\/strong>, die in mehreren Gemeinden Todesopfer, Vermisste und schwere Zerst\u00f6rungen zur Folge hatte.<\/p>\n<p><strong>Bis heute ist die Zahl der Todesopfer auf \u00fcber 1.000 gestiegen. Mehr als 4.500 Menschen werden vermisst \u2013 und die Zahl steigt weiter<\/strong>. Rund 317.000 Menschen sind betroffen. 40.000 mussten ihre H\u00e4user verlassen.<\/p>\n<p><span style=\"color: #ed1c24;\"><strong>Wir von ActionAid engagieren uns seit 1982 in Nepal<\/strong><\/span> und haben auch in der Vergangenheit nach \u00dcberschwemmungen und Erdbeben im Land Nothilfe geleistet. Dank unserer langj\u00e4hrigen Erfahrung und unserer fl\u00e4chendeckenden Pr\u00e4senz vor Ort <strong>konnten wir sofort intervenieren und koordinieren nun<\/strong> gemeinsam mit den lokalen Beh\u00f6rden, humanit\u00e4ren Organisationen und unseren Partnern vor <strong>Ort die Hilfsma\u00dfnahmen<\/strong>.<\/p>\n<p><strong><span style=\"color: #ed1c24;\">Wir unterst\u00fctzen die Betroffenen durch die Bereitstellung von:<\/span><\/strong><\/p>\n<ul>\n<li>Notunterk\u00fcnften und lebensnotwendigen G\u00fctern;<\/li>\n<li>Nahrungsmitteln und Trinkwasser;<\/li>\n<li>Hygiene- und Sanit\u00e4rsets;<\/li>\n<li>erster medizinischer Versorgung und psychosozialer Betreuung;<\/li>\n<li>Schutz f\u00fcr Kinder, Frauen, \u00e4ltere Menschen und Menschen mit Behinderungen;<\/li>\n<li>Unterst\u00fctzung f\u00fcr Familien, die ihr Zuhause oder ihre Lebensgrundlage verloren haben.<\/li>\n<\/ul>\n  <\/div>\n<\/div>\n\n\n\n<hr class=\"wp-block-separator has-alpha-channel-opacity\"\/>\n\n\n<div class=\"vidiemme-block contact-boxes  \" >\n  \n  <div class=\"container-xl\">\n    <div class=\"contact-box mb-4\">\n      <h3><span style=\"color: #ed1c24;\"><strong>Haben Sie Fragen?<\/strong><\/span><\/h3>\n<p>Wir sind jederzeit gerne f\u00fcr Sie da! Schreiben Sie uns an <a href=\"mailto:foerderer.ch@actionaid.org\" target=\"_blank\" rel=\"noopener\">foerderer.ch@actionaid.org<\/a> oder rufen Sie uns an unter <strong data-start=\"670\" data-end=\"690\">+41 91 922 65 42<\/strong>.<\/p>\n\n      <\/div>\n  <\/div>\n<\/div>\n\n\n<div class=\"vidiemme-block focused-content mt-5 \" >\n  \n  <div class=\"container-xl\">\n    <div class=\"focused\">\n\n      \n            <div class=\"description\"><p>Sind Sie ein <strong>Unternehmen<\/strong>, eine <strong>Stiftung<\/strong> oder ein <strong>Gro\u00dfspender<\/strong>? Bitte kontaktieren Sie:<\/p>\n<\/div>\n      \n            <div class=\"footer-rows\">\n                  <div class=\"row mt-4\">   \n            <div class=\"col-md-2 pt-4\">\n              <!-- <img decoding=\"async\"  class=\"img-fluid rounded w-100\" src=\"https:\/\/actionaid.ch\/wp-content\/uploads\/2025\/06\/Vitali-1.jpg\" alt=\"Claudia Vitali - Corporate, Major Donor &amp; Philanthropy Officer\"> -->\n\n              \n              <img loading=\"lazy\" decoding=\"async\" width=\"340\" height=\"340\" src=\"https:\/\/actionaid.ch\/wp-content\/uploads\/2025\/06\/Vitali-1.jpg\" class=\"img-fluid rounded w-100\" alt=\"Claudia Vitali - Corporate, Major Donor &amp; Philanthropy Officer\" srcset=\"https:\/\/actionaid.ch\/wp-content\/uploads\/2025\/06\/Vitali-1.jpg 340w, https:\/\/actionaid.ch\/wp-content\/uploads\/2025\/06\/Vitali-1-300x300.jpg 300w, https:\/\/actionaid.ch\/wp-content\/uploads\/2025\/06\/Vitali-1-150x150.jpg 150w\" sizes=\"auto, (max-width: 340px) 100vw, 340px\" \/>\n            <\/div> \n            <div class=\"col-md-10 pt-4\">\n              <p><strong>Claudia Vitali<\/strong><\/p>\n<p>Corporate, Major Donor &amp; Philanthropy Officer<br \/>\n<a href=\"mailto:claudia.vitali@actionaid.org\">claudia.vitali@actionaid.org<\/a><br \/>\n<a href=\"tel:+393349836820\">+39 3349836820<\/a><\/p>\n\n            <\/div> \n          <\/div>\n              <\/div>\n      \n          \n    <\/div>\n  <\/div>\n<\/div>\n\n\n\n<hr class=\"wp-block-separator has-alpha-channel-opacity\"\/>\n\n\n\n<h2 class=\"wp-block-heading has-text-color has-link-color wp-elements-1\" style=\"color:#ed1c24\">H\u00e4ufig gestellte Fragen<\/h2>\n\n\n<div class=\"vidiemme-block faq-band my-5 \" >\n  \n  <div class=\"container-xl\">\n    <div class=\"accordion\" id=\"accordion-6a9aea4e45d45\">\n              <div class=\"accordion-item\">\n          <div class=\"accordion-header\">\n            <button class=\"accordion-button collapsed\" type=\"button\" data-bs-toggle=\"collapse\" data-bs-target=\"#accordion-6a9aea4e45d45-0\" aria-expanded=\"true\" aria-controls=\"accordion-6a9aea4e45d45-0\">\n              <h3>Wie werden die Spenden verwendet?<\/h3>\n            <\/button>\n          <\/div>\n          <div id=\"accordion-6a9aea4e45d45-0\" class=\"accordion-collapse collapse\" data-bs-parent=\"#accordion-6a9aea4e45d45\">\n            <div class=\"accordion-body\">\n              <p>Ihre Spende wird gezielt f\u00fcr <strong>Projekte<\/strong> eingesetzt, deren <strong>Priorit\u00e4ten<\/strong> von unseren lokalen Teams festgelegt werden.<\/p>\n<p><strong>Auf Ebene der F\u00f6deration flie\u00dfen 70\u202f% der gesammelten Mittel direkt in die L\u00e4nder und Gemeinschaften, mit denen wir arbeiten<\/strong>. Die verbleibenden 30\u202f% verwenden wir f\u00fcr Sensibilisierungskampagnen und Verwaltungskosten.<\/p>\n<p>Erfahren Sie mehr \u00fcber unsere <a href=\"https:\/\/actionaid.ch\/de\/was-wir-tun\/\">Arbeit in den L\u00e4ndern des Globalen S\u00fcdens<\/a>.<\/p>\n\n            <\/div>\n          <\/div>\n        <\/div>\n\n              <div class=\"accordion-item\">\n          <div class=\"accordion-header\">\n            <button class=\"accordion-button collapsed\" type=\"button\" data-bs-toggle=\"collapse\" data-bs-target=\"#accordion-6a9aea4e45d45-1\" aria-expanded=\"true\" aria-controls=\"accordion-6a9aea4e45d45-1\">\n              <h3>Sind meine Spenden steuerlich absetzbar?<\/h3>\n            <\/button>\n          <\/div>\n          <div id=\"accordion-6a9aea4e45d45-1\" class=\"accordion-collapse collapse\" data-bs-parent=\"#accordion-6a9aea4e45d45\">\n            <div class=\"accordion-body\">\n              <p><strong>Ja!<\/strong> In vielen Schweizer Kantonen k\u00f6nnen Spenden an ActionAid steuerlich abgesetzt werden. Sie erhalten von uns jedes Jahr eine Spendenbescheinigung zur Vorlage bei der Steuererkl\u00e4rung.<\/p>\n\n            <\/div>\n          <\/div>\n        <\/div>\n\n              <div class=\"accordion-item\">\n          <div class=\"accordion-header\">\n            <button class=\"accordion-button collapsed\" type=\"button\" data-bs-toggle=\"collapse\" data-bs-target=\"#accordion-6a9aea4e45d45-2\" aria-expanded=\"true\" aria-controls=\"accordion-6a9aea4e45d45-2\">\n              <h3>Wie kann ich sicher sein, dass ich vertrauen kann?<\/h3>\n            <\/button>\n          <\/div>\n          <div id=\"accordion-6a9aea4e45d45-2\" class=\"accordion-collapse collapse\" data-bs-parent=\"#accordion-6a9aea4e45d45\">\n            <div class=\"accordion-body\">\n              <p>ActionAid Switzerland wurde am 18. Februar 2013 in Lugano mit dem Ziel gegr\u00fcndet, weltweit Armut und soziale Ausgrenzung zu bek\u00e4mpfen. Seither haben wir zahlreiche Projekte und Menschen auf der ganzen Welt unterst\u00fctzt. <a href=\"https:\/\/actionaid.ch\/de\/wer-wir-sind\/transparenz\/\"><strong>Unser Jahresbericht mit allen Details zu unseren Aktivit\u00e4ten ist jederzeit einsehbar.<\/strong><\/a><\/p>\n\n            <\/div>\n          <\/div>\n        <\/div>\n\n            <\/div>\n  <\/div>\n<\/div>\n\n\n<div class=\"vidiemme-block basic-editor  \" >\n  \n  <div class=\"container-xl\">\n    <h6><em>Photocredits: Prabin \u200bRanabhat<\/em><\/h6>\n  <\/div>\n<\/div>\n","protected":false},"featured_media":18867,"template":"","class_list":["post-18922","donation-forms","type-donation-forms","status-publish","has-post-thumbnail","hentry"],"acf":[],"yoast_head":"<!-- This site is optimized with the Yoast SEO plugin v28.1 - https:\/\/yoast.com\/product\/yoast-seo-wordpress\/ -->\n<title>Flutkatastrophe in Nepal - ActionAid Schweiz<\/title>\n<meta name=\"description\" content=\"Spenden Sie jetzt f\u00fcr die Nothilfe in Nepal. Mit Ihrer Unterst\u00fctzung k\u00f6nnen wir den von der \u00dcberschwemmung betroffenen Menschen helfen.\" \/>\n<meta name=\"robots\" content=\"index, follow, max-snippet:-1, max-image-preview:large, max-video-preview:-1\" \/>\n<link rel=\"canonical\" href=\"https:\/\/actionaid.ch\/de\/donation-forms\/nepal_pop_de\/\" \/>\n<meta property=\"og:locale\" content=\"de_DE\" \/>\n<meta property=\"og:type\" content=\"article\" \/>\n<meta property=\"og:title\" content=\"Flutkatastrophe in Nepal - ActionAid Schweiz\" \/>\n<meta property=\"og:description\" content=\"Spenden Sie jetzt f\u00fcr die Nothilfe in Nepal. Mit Ihrer Unterst\u00fctzung k\u00f6nnen wir den von der \u00dcberschwemmung betroffenen Menschen helfen.\" \/>\n<meta property=\"og:url\" content=\"https:\/\/actionaid.ch\/de\/donation-forms\/nepal_pop_de\/\" \/>\n<meta property=\"og:site_name\" content=\"ActionAid\" \/>\n<meta property=\"article:publisher\" content=\"https:\/\/www.facebook.com\/ActionAidSwitzerland\/?locale=it_IT\" \/>\n<meta property=\"article:modified_time\" content=\"2026-09-03T11:25:42+00:00\" \/>\n<meta property=\"og:image\" content=\"https:\/\/actionaid.ch\/wp-content\/uploads\/2026\/08\/R316189.jpg\" \/>\n\t<meta property=\"og:image:width\" content=\"1400\" \/>\n\t<meta property=\"og:image:height\" content=\"788\" \/>\n\t<meta property=\"og:image:type\" content=\"image\/jpeg\" \/>\n<meta name=\"twitter:card\" content=\"summary_large_image\" \/>\n<meta name=\"twitter:label1\" content=\"Gesch\u00e4tzte Lesezeit\" \/>\n\t<meta name=\"twitter:data1\" content=\"1\u00a0Minute\" \/>\n<script type=\"application\/ld+json\" class=\"yoast-schema-graph\">{\"@context\":\"https:\\\/\\\/schema.org\",\"@graph\":[{\"@type\":\"WebPage\",\"@id\":\"https:\\\/\\\/actionaid.ch\\\/de\\\/donation-forms\\\/nepal_pop_de\\\/\",\"url\":\"https:\\\/\\\/actionaid.ch\\\/de\\\/donation-forms\\\/nepal_pop_de\\\/\",\"name\":\"Flutkatastrophe in Nepal - ActionAid Schweiz\",\"isPartOf\":{\"@id\":\"https:\\\/\\\/actionaid.ch\\\/de\\\/#website\"},\"primaryImageOfPage\":{\"@id\":\"https:\\\/\\\/actionaid.ch\\\/de\\\/donation-forms\\\/nepal_pop_de\\\/#primaryimage\"},\"image\":{\"@id\":\"https:\\\/\\\/actionaid.ch\\\/de\\\/donation-forms\\\/nepal_pop_de\\\/#primaryimage\"},\"thumbnailUrl\":\"https:\\\/\\\/actionaid.ch\\\/wp-content\\\/uploads\\\/2026\\\/08\\\/R316189.jpg\",\"datePublished\":\"2026-09-03T11:25:41+00:00\",\"dateModified\":\"2026-09-03T11:25:42+00:00\",\"description\":\"Spenden Sie jetzt f\u00fcr die Nothilfe in Nepal. Mit Ihrer Unterst\u00fctzung k\u00f6nnen wir den von der \u00dcberschwemmung betroffenen Menschen helfen.\",\"breadcrumb\":{\"@id\":\"https:\\\/\\\/actionaid.ch\\\/de\\\/donation-forms\\\/nepal_pop_de\\\/#breadcrumb\"},\"inLanguage\":\"de\",\"potentialAction\":[{\"@type\":\"ReadAction\",\"target\":[\"https:\\\/\\\/actionaid.ch\\\/de\\\/donation-forms\\\/nepal_pop_de\\\/\"]}]},{\"@type\":\"ImageObject\",\"inLanguage\":\"de\",\"@id\":\"https:\\\/\\\/actionaid.ch\\\/de\\\/donation-forms\\\/nepal_pop_de\\\/#primaryimage\",\"url\":\"https:\\\/\\\/actionaid.ch\\\/wp-content\\\/uploads\\\/2026\\\/08\\\/R316189.jpg\",\"contentUrl\":\"https:\\\/\\\/actionaid.ch\\\/wp-content\\\/uploads\\\/2026\\\/08\\\/R316189.jpg\",\"width\":1400,\"height\":788,\"caption\":\"Luftaufnahme von Wohngeb\u00e4uden, die von Sturzfluten und einem Erdrutsch in Devighat in der Gemeinde Bidur im Distrikt Nuwakot in Nepal betroffen sind\"},{\"@type\":\"BreadcrumbList\",\"@id\":\"https:\\\/\\\/actionaid.ch\\\/de\\\/donation-forms\\\/nepal_pop_de\\\/#breadcrumb\",\"itemListElement\":[{\"@type\":\"ListItem\",\"position\":1,\"name\":\"Home\",\"item\":\"https:\\\/\\\/actionaid.ch\\\/de\\\/\"},{\"@type\":\"ListItem\",\"position\":2,\"name\":\"Flutkatastrophe in Nepal\"}]},{\"@type\":\"WebSite\",\"@id\":\"https:\\\/\\\/actionaid.ch\\\/de\\\/#website\",\"url\":\"https:\\\/\\\/actionaid.ch\\\/de\\\/\",\"name\":\"ActionAid Svizzera\",\"description\":\"\",\"publisher\":{\"@id\":\"https:\\\/\\\/actionaid.ch\\\/de\\\/#organization\"},\"potentialAction\":[{\"@type\":\"SearchAction\",\"target\":{\"@type\":\"EntryPoint\",\"urlTemplate\":\"https:\\\/\\\/actionaid.ch\\\/de\\\/?s={search_term_string}\"},\"query-input\":{\"@type\":\"PropertyValueSpecification\",\"valueRequired\":true,\"valueName\":\"search_term_string\"}}],\"inLanguage\":\"de\"},{\"@type\":\"Organization\",\"@id\":\"https:\\\/\\\/actionaid.ch\\\/de\\\/#organization\",\"name\":\"ActionAid Svizzera\",\"url\":\"https:\\\/\\\/actionaid.ch\\\/de\\\/\",\"logo\":{\"@type\":\"ImageObject\",\"inLanguage\":\"de\",\"@id\":\"https:\\\/\\\/actionaid.ch\\\/de\\\/#\\\/schema\\\/logo\\\/image\\\/\",\"url\":\"https:\\\/\\\/actionaid.ch\\\/wp-content\\\/uploads\\\/2025\\\/04\\\/Logo_rosso.png\",\"contentUrl\":\"https:\\\/\\\/actionaid.ch\\\/wp-content\\\/uploads\\\/2025\\\/04\\\/Logo_rosso.png\",\"width\":2331,\"height\":407,\"caption\":\"ActionAid Svizzera\"},\"image\":{\"@id\":\"https:\\\/\\\/actionaid.ch\\\/de\\\/#\\\/schema\\\/logo\\\/image\\\/\"},\"sameAs\":[\"https:\\\/\\\/www.facebook.com\\\/ActionAidSwitzerland\\\/?locale=it_IT\",\"https:\\\/\\\/www.instagram.com\\\/actionaid_international\\\/?hl=en\"]}]}<\/script>\n<!-- \/ Yoast SEO plugin. -->","yoast_head_json":{"title":"Flutkatastrophe in Nepal - ActionAid Schweiz","description":"Spenden Sie jetzt f\u00fcr die Nothilfe in Nepal. Mit Ihrer Unterst\u00fctzung k\u00f6nnen wir den von der \u00dcberschwemmung betroffenen Menschen helfen.","robots":{"index":"index","follow":"follow","max-snippet":"max-snippet:-1","max-image-preview":"max-image-preview:large","max-video-preview":"max-video-preview:-1"},"canonical":"https:\/\/actionaid.ch\/de\/donation-forms\/nepal_pop_de\/","og_locale":"de_DE","og_type":"article","og_title":"Flutkatastrophe in Nepal - ActionAid Schweiz","og_description":"Spenden Sie jetzt f\u00fcr die Nothilfe in Nepal. Mit Ihrer Unterst\u00fctzung k\u00f6nnen wir den von der \u00dcberschwemmung betroffenen Menschen helfen.","og_url":"https:\/\/actionaid.ch\/de\/donation-forms\/nepal_pop_de\/","og_site_name":"ActionAid","article_publisher":"https:\/\/www.facebook.com\/ActionAidSwitzerland\/?locale=it_IT","article_modified_time":"2026-09-03T11:25:42+00:00","og_image":[{"width":1400,"height":788,"url":"https:\/\/actionaid.ch\/wp-content\/uploads\/2026\/08\/R316189.jpg","type":"image\/jpeg"}],"twitter_card":"summary_large_image","twitter_misc":{"Gesch\u00e4tzte Lesezeit":"1\u00a0Minute"},"schema":{"@context":"https:\/\/schema.org","@graph":[{"@type":"WebPage","@id":"https:\/\/actionaid.ch\/de\/donation-forms\/nepal_pop_de\/","url":"https:\/\/actionaid.ch\/de\/donation-forms\/nepal_pop_de\/","name":"Flutkatastrophe in Nepal - ActionAid Schweiz","isPartOf":{"@id":"https:\/\/actionaid.ch\/de\/#website"},"primaryImageOfPage":{"@id":"https:\/\/actionaid.ch\/de\/donation-forms\/nepal_pop_de\/#primaryimage"},"image":{"@id":"https:\/\/actionaid.ch\/de\/donation-forms\/nepal_pop_de\/#primaryimage"},"thumbnailUrl":"https:\/\/actionaid.ch\/wp-content\/uploads\/2026\/08\/R316189.jpg","datePublished":"2026-09-03T11:25:41+00:00","dateModified":"2026-09-03T11:25:42+00:00","description":"Spenden Sie jetzt f\u00fcr die Nothilfe in Nepal. Mit Ihrer Unterst\u00fctzung k\u00f6nnen wir den von der \u00dcberschwemmung betroffenen Menschen helfen.","breadcrumb":{"@id":"https:\/\/actionaid.ch\/de\/donation-forms\/nepal_pop_de\/#breadcrumb"},"inLanguage":"de","potentialAction":[{"@type":"ReadAction","target":["https:\/\/actionaid.ch\/de\/donation-forms\/nepal_pop_de\/"]}]},{"@type":"ImageObject","inLanguage":"de","@id":"https:\/\/actionaid.ch\/de\/donation-forms\/nepal_pop_de\/#primaryimage","url":"https:\/\/actionaid.ch\/wp-content\/uploads\/2026\/08\/R316189.jpg","contentUrl":"https:\/\/actionaid.ch\/wp-content\/uploads\/2026\/08\/R316189.jpg","width":1400,"height":788,"caption":"Luftaufnahme von Wohngeb\u00e4uden, die von Sturzfluten und einem Erdrutsch in Devighat in der Gemeinde Bidur im Distrikt Nuwakot in Nepal betroffen sind"},{"@type":"BreadcrumbList","@id":"https:\/\/actionaid.ch\/de\/donation-forms\/nepal_pop_de\/#breadcrumb","itemListElement":[{"@type":"ListItem","position":1,"name":"Home","item":"https:\/\/actionaid.ch\/de\/"},{"@type":"ListItem","position":2,"name":"Flutkatastrophe in Nepal"}]},{"@type":"WebSite","@id":"https:\/\/actionaid.ch\/de\/#website","url":"https:\/\/actionaid.ch\/de\/","name":"ActionAid Svizzera","description":"","publisher":{"@id":"https:\/\/actionaid.ch\/de\/#organization"},"potentialAction":[{"@type":"SearchAction","target":{"@type":"EntryPoint","urlTemplate":"https:\/\/actionaid.ch\/de\/?s={search_term_string}"},"query-input":{"@type":"PropertyValueSpecification","valueRequired":true,"valueName":"search_term_string"}}],"inLanguage":"de"},{"@type":"Organization","@id":"https:\/\/actionaid.ch\/de\/#organization","name":"ActionAid Svizzera","url":"https:\/\/actionaid.ch\/de\/","logo":{"@type":"ImageObject","inLanguage":"de","@id":"https:\/\/actionaid.ch\/de\/#\/schema\/logo\/image\/","url":"https:\/\/actionaid.ch\/wp-content\/uploads\/2025\/04\/Logo_rosso.png","contentUrl":"https:\/\/actionaid.ch\/wp-content\/uploads\/2025\/04\/Logo_rosso.png","width":2331,"height":407,"caption":"ActionAid Svizzera"},"image":{"@id":"https:\/\/actionaid.ch\/de\/#\/schema\/logo\/image\/"},"sameAs":["https:\/\/www.facebook.com\/ActionAidSwitzerland\/?locale=it_IT","https:\/\/www.instagram.com\/actionaid_international\/?hl=en"]}]}},"_links":{"self":[{"href":"https:\/\/actionaid.ch\/de\/wp-json\/wp\/v2\/donation-forms\/18922","targetHints":{"allow":["GET"]}}],"collection":[{"href":"https:\/\/actionaid.ch\/de\/wp-json\/wp\/v2\/donation-forms"}],"about":[{"href":"https:\/\/actionaid.ch\/de\/wp-json\/wp\/v2\/types\/donation-forms"}],"wp:featuredmedia":[{"embeddable":true,"href":"https:\/\/actionaid.ch\/de\/wp-json\/wp\/v2\/media\/18867"}],"wp:attachment":[{"href":"https:\/\/actionaid.ch\/de\/wp-json\/wp\/v2\/media?parent=18922"}],"curies":[{"name":"wp","href":"https:\/\/api.w.org\/{rel}","templated":true}]}}