{"id":17169,"date":"2026-03-24T12:34:08","date_gmt":"2026-03-24T11:34:08","guid":{"rendered":"https:\/\/actionaid.ch\/?post_type=donation-forms&#038;p=17169"},"modified":"2026-04-16T17:41:46","modified_gmt":"2026-04-16T15:41:46","slug":"ffw_spende_reg_de","status":"publish","type":"donation-forms","link":"https:\/\/actionaid.ch\/de\/donation-forms\/ffw_spende_reg_de\/","title":{"rendered":"Sie unterst\u00fctzen jeden Tag Frauen wie Fanta"},"content":{"rendered":"<div class=\"vidiemme-block basic-editor  \" >\n  \n  <div class=\"container-xl\">\n    <p>Jeden Tag sind Millionen von Frauen und M\u00e4dchen weltweit von Gewalt und Diskriminierung betroffen. Zu viele haben keinen Zugang zu Bildung, kein eigenes Einkommen und keine M\u00f6glichkeit, selbst \u00fcber ihr Leben zu entscheiden. Ohne Unterst\u00fctzung bleiben sie in einem Kreislauf aus Armut und Ungerechtigkeit gefangen.<\/p>\n<p><strong>Mit einer regelm\u00e4ssigen Spende stehen Sie jeden Tag an ihrer Seite.<\/strong><\/p>\n<p>Ihre Unterst\u00fctzung erm\u00f6glicht es uns, langfristige Programme zu planen und Frauen auf ihrem Weg zur Selbstbestimmung zu begleiten \u2013 vom unmittelbaren Schutz bis hin zur wirtschaftlichen Unabh\u00e4ngigkeit.<\/p>\n<p>&nbsp;<\/p>\n<h2><span style=\"color: #ed1c24;\">Ihr regelm\u00e4ssiger Beitrag macht den Unterschied<\/span><\/h2>\n<ul>\n<li><strong>60 Franken<\/strong> erm\u00f6glichen einer Frau den Zugang zu Werkzeugen und Nutztieren, um eine landwirtschaftliche T\u00e4tigkeit aufzubauen und ihre Familie zu versorgen<\/li>\n<li><strong>120 Franken<\/strong> finanzieren eine professionelle landwirtschaftliche Ausbildung f\u00fcr eine unabh\u00e4ngige Zukunft<\/li>\n<li><strong>240 Franken<\/strong> sichern Zugang zu gesch\u00fctzten R\u00e4umen und Unterst\u00fctzung bei Gewalt<\/li>\n<li><strong>360 Franken<\/strong> f\u00f6rdern Programme f\u00fcr weibliche F\u00fchrung und Empowerment, damit Frauen ihre Stimme erheben k\u00f6nnen<\/li>\n<\/ul>\n<p>&nbsp;<\/p>\n<h2><span style=\"color: #ed1c24;\">Was wir tun<\/span><\/h2>\n<p>ActionAid setzt sich weltweit f\u00fcr die Rechte von Frauen ein \u2013 denn nur so k\u00f6nnen wir eine gerechtere und nachhaltigere Welt schaffen. Jeden Tag:<\/p>\n<ul>\n<li>f\u00f6rdern wir <strong>Sensibilisierungskampagnen<\/strong> und bek\u00e4mpfen Geschlechterstereotype<\/li>\n<li>bieten wir <strong>medizinische, rechtliche und psychologische Unterst\u00fctzung<\/strong> f\u00fcr von Gewalt betroffene Frauen<\/li>\n<li>stellen wir <strong>Mittel und Ressourcen bereit<\/strong>, um einkommensschaffende Aktivit\u00e4ten zu starten<\/li>\n<li>realisieren wir <strong>Schulprogramme<\/strong> <strong>sowie Aus- und Weiterbildungen<\/strong> <strong>und Leadership<\/strong>&#8211;<strong>Programme<\/strong> <strong>f\u00fcr Frauen<\/strong>, um F\u00e4higkeiten und Kompetenzen zu st\u00e4rken<\/li>\n<\/ul>\n<p>Erfahren Sie mehr \u00fcber unsere Arbeit f\u00fcr die <strong><a href=\"https:\/\/actionaid.ch\/de\/was-wir-tun\/frauenrechte\/\">Rechte der Frauen<\/a><\/strong>.<\/p>\n<p>&nbsp;<\/p>\n  <\/div>\n<\/div>\n\n\n\n<hr class=\"wp-block-separator has-alpha-channel-opacity\"\/>\n\n\n<div class=\"vidiemme-block contact-boxes  \" >\n  \n  <div class=\"container-xl\">\n    <div class=\"contact-box mb-4\">\n      <h3><span style=\"color: #ed1c24;\"><strong>Haben Sie Fragen?<\/strong><\/span><\/h3>\n<p>Wir sind jederzeit gerne f\u00fcr Sie da! Schreiben Sie uns an <a href=\"mailto:foerderer.ch@actionaid.org\" target=\"_blank\" rel=\"noopener\">foerderer.ch@actionaid.org<\/a> oder rufen Sie uns an unter <strong data-start=\"670\" data-end=\"690\">+41 91 922 65 42<\/strong>.<\/p>\n\n      <\/div>\n  <\/div>\n<\/div>\n\n\n<div class=\"vidiemme-block focused-content mt-5 \" >\n  \n  <div class=\"container-xl\">\n    <div class=\"focused\">\n\n      \n            <div class=\"description\"><p>Sind Sie ein <strong>Unternehmen<\/strong>, eine <strong>Stiftung<\/strong> oder ein <strong>Gro\u00dfspender<\/strong>? Bitte kontaktieren Sie:<\/p>\n<\/div>\n      \n            <div class=\"footer-rows\">\n                  <div class=\"row mt-4\">   \n            <div class=\"col-md-2 pt-4\">\n              <!-- <img decoding=\"async\"  class=\"img-fluid rounded w-100\" src=\"https:\/\/actionaid.ch\/wp-content\/uploads\/2025\/06\/Vitali-1.jpg\" alt=\"\"> -->\n\n              \n              <img decoding=\"async\" width=\"340\" height=\"340\" src=\"https:\/\/actionaid.ch\/wp-content\/uploads\/2025\/06\/Vitali-1.jpg\" class=\"img-fluid rounded w-100\" alt=\"\" srcset=\"https:\/\/actionaid.ch\/wp-content\/uploads\/2025\/06\/Vitali-1.jpg 340w, https:\/\/actionaid.ch\/wp-content\/uploads\/2025\/06\/Vitali-1-300x300.jpg 300w, https:\/\/actionaid.ch\/wp-content\/uploads\/2025\/06\/Vitali-1-150x150.jpg 150w\" sizes=\"(max-width: 340px) 100vw, 340px\" \/>\n            <\/div> \n            <div class=\"col-md-10 pt-4\">\n              <p><strong>Claudia Vitali<\/strong><\/p>\n<p>Corporate, Major Donor &amp; Philanthropy Officer<br \/>\n<a href=\"mailto:claudia.vitali@actionaid.org\">claudia.vitali@actionaid.org<\/a><br \/>\n<a href=\"tel:+393349836820\">+39 3349836820<\/a><\/p>\n\n            <\/div> \n          <\/div>\n              <\/div>\n      \n          \n    <\/div>\n  <\/div>\n<\/div>\n\n\n\n<hr class=\"wp-block-separator has-alpha-channel-opacity\"\/>\n\n\n\n<h2 class=\"wp-block-heading has-text-color has-link-color wp-elements-33a8e0beee1de5eee1e37b860db8e8a1\" style=\"color:#ed1c24\">H\u00e4ufig gestellte Fragen<\/h2>\n\n\n<div class=\"vidiemme-block faq-band my-5 \" >\n  \n  <div class=\"container-xl\">\n    <div class=\"accordion\" id=\"accordion-69efad193dd23\">\n              <div class=\"accordion-item\">\n          <div class=\"accordion-header\">\n            <button class=\"accordion-button collapsed\" type=\"button\" data-bs-toggle=\"collapse\" data-bs-target=\"#accordion-69efad193dd23-0\" aria-expanded=\"true\" aria-controls=\"accordion-69efad193dd23-0\">\n              <h3>Wie werden die Spenden verwendet?<\/h3>\n            <\/button>\n          <\/div>\n          <div id=\"accordion-69efad193dd23-0\" class=\"accordion-collapse collapse\" data-bs-parent=\"#accordion-69efad193dd23\">\n            <div class=\"accordion-body\">\n              <p>Ihre Spende wird gezielt f\u00fcr <strong>Projekte<\/strong> eingesetzt, deren <strong>Priorit\u00e4ten<\/strong> von unseren lokalen Teams festgelegt werden.<\/p>\n<p><strong>Auf Ebene der F\u00f6deration flie\u00dfen 70\u202f% der gesammelten Mittel direkt in die L\u00e4nder und Gemeinschaften, mit denen wir arbeiten<\/strong>. Die verbleibenden 30\u202f% verwenden wir f\u00fcr Sensibilisierungskampagnen und Verwaltungskosten.<\/p>\n<p>Erfahren Sie mehr \u00fcber unsere <a href=\"https:\/\/actionaid.ch\/de\/was-wir-tun\/\">Arbeit in den L\u00e4ndern des Globalen S\u00fcdens<\/a>.<\/p>\n\n            <\/div>\n          <\/div>\n        <\/div>\n\n              <div class=\"accordion-item\">\n          <div class=\"accordion-header\">\n            <button class=\"accordion-button collapsed\" type=\"button\" data-bs-toggle=\"collapse\" data-bs-target=\"#accordion-69efad193dd23-1\" aria-expanded=\"true\" aria-controls=\"accordion-69efad193dd23-1\">\n              <h3>Sind meine Spenden steuerlich absetzbar?<\/h3>\n            <\/button>\n          <\/div>\n          <div id=\"accordion-69efad193dd23-1\" class=\"accordion-collapse collapse\" data-bs-parent=\"#accordion-69efad193dd23\">\n            <div class=\"accordion-body\">\n              <p><strong>Ja!<\/strong> In vielen Schweizer Kantonen k\u00f6nnen Spenden an ActionAid steuerlich abgesetzt werden. Sie erhalten von uns jedes Jahr eine Spendenbescheinigung zur Vorlage bei der Steuererkl\u00e4rung.<\/p>\n\n            <\/div>\n          <\/div>\n        <\/div>\n\n              <div class=\"accordion-item\">\n          <div class=\"accordion-header\">\n            <button class=\"accordion-button collapsed\" type=\"button\" data-bs-toggle=\"collapse\" data-bs-target=\"#accordion-69efad193dd23-2\" aria-expanded=\"true\" aria-controls=\"accordion-69efad193dd23-2\">\n              <h3>Wie kann ich sicher sein, dass ich vertrauen kann?<\/h3>\n            <\/button>\n          <\/div>\n          <div id=\"accordion-69efad193dd23-2\" class=\"accordion-collapse collapse\" data-bs-parent=\"#accordion-69efad193dd23\">\n            <div class=\"accordion-body\">\n              <p>ActionAid Switzerland wurde am 18. Februar 2013 in Lugano mit dem Ziel gegr\u00fcndet, weltweit Armut und soziale Ausgrenzung zu bek\u00e4mpfen. Seither haben wir zahlreiche Projekte und Menschen auf der ganzen Welt unterst\u00fctzt. <a href=\"https:\/\/actionaid.ch\/de\/wer-wir-sind\/transparenz\/\"><strong>Unser Jahresbericht mit allen Details zu unseren Aktivit\u00e4ten ist jederzeit einsehbar.<\/strong><\/a><\/p>\n\n            <\/div>\n          <\/div>\n        <\/div>\n\n              <div class=\"accordion-item\">\n          <div class=\"accordion-header\">\n            <button class=\"accordion-button collapsed\" type=\"button\" data-bs-toggle=\"collapse\" data-bs-target=\"#accordion-69efad193dd23-3\" aria-expanded=\"true\" aria-controls=\"accordion-69efad193dd23-3\">\n              <h3>Wie kann ich sicher spenden?<\/h3>\n            <\/button>\n          <\/div>\n          <div id=\"accordion-69efad193dd23-3\" class=\"accordion-collapse collapse\" data-bs-parent=\"#accordion-69efad193dd23\">\n            <div class=\"accordion-body\">\n              <p>Spenden Sie nur \u00fcber unsere <strong>offiziellen Webseiten<\/strong> und nutzen Sie <strong>sichere, nachvollziehbare Zahlungsmethoden<\/strong>. Bei Zweifeln schreiben Sie uns unter <a href=\"mailto:foerderer.ch@actionaid.org\">foerderer.ch@actionaid.org<\/a> oder rufen Sie uns an unter +41 91 922 65 42.<\/p>\n\n            <\/div>\n          <\/div>\n        <\/div>\n\n              <div class=\"accordion-item\">\n          <div class=\"accordion-header\">\n            <button class=\"accordion-button collapsed\" type=\"button\" data-bs-toggle=\"collapse\" data-bs-target=\"#accordion-69efad193dd23-4\" aria-expanded=\"true\" aria-controls=\"accordion-69efad193dd23-4\">\n              <h3>Kann ich als Unternehmen oder Stiftung spenden?<\/h3>\n            <\/button>\n          <\/div>\n          <div id=\"accordion-69efad193dd23-4\" class=\"accordion-collapse collapse\" data-bs-parent=\"#accordion-69efad193dd23\">\n            <div class=\"accordion-body\">\n              <p data-start=\"3430\" data-end=\"3591\">Ja. Unternehmen und Stiftungen k\u00f6nnen unsere Arbeit durch finanzielle Beitr\u00e4ge oder Partnerschaften unterst\u00fctzen. Bitte kontaktieren Sie:<\/p>\n<p><strong>Claudia Vitali &#8211;\u00a0<\/strong>Corporate, Major Donor &amp; Philanthropy Officer<br \/>\n<a href=\"mailto:claudia.vitali@actionaid.org\">claudia.vitali@actionaid.org<\/a><br \/>\n<a href=\"tel:+393349836820\">+39 3349836820<\/a><\/p>\n\n            <\/div>\n          <\/div>\n        <\/div>\n\n              <div class=\"accordion-item\">\n          <div class=\"accordion-header\">\n            <button class=\"accordion-button collapsed\" type=\"button\" data-bs-toggle=\"collapse\" data-bs-target=\"#accordion-69efad193dd23-5\" aria-expanded=\"true\" aria-controls=\"accordion-69efad193dd23-5\">\n              <h3>Gibt es alternative M\u00f6glichkeiten zu spenden?<\/h3>\n            <\/button>\n          <\/div>\n          <div id=\"accordion-69efad193dd23-5\" class=\"accordion-collapse collapse\" data-bs-parent=\"#accordion-69efad193dd23\">\n            <div class=\"accordion-body\">\n              <p>Wenn Sie das Online-Formular nicht nutzen m\u00f6chten, k\u00f6nnen Sie uns auch auf folgende Weise unterst\u00fctzen:<\/p>\n<ul>\n<li>Telefon: +41 91 922 65 42<\/li>\n<li>Bank \u00dcberweisung:<br \/>\nBanca Stato del Canton Ticino<br \/>\nIBAN: CH30007646277427C000C<br \/>\nVerwendungszweck: \u201cFight for Women\u201d<\/li>\n<li>Postbulletin:<br \/>\nAssociazione Actionaid Switzerland c\/o Altiqa SA<br \/>\nVia Nassa 21 \u2013 6900, Lugano<br \/>\n&#8211;<br \/>\nPostFinance SA, Konto-Nr.: 65-255503-4<br \/>\nIBAN: CH54 0900 0000 6525 5503 4<br \/>\nVerwendungszweck: \u201cFight for Women\u201d<\/li>\n<\/ul>\n\n            <\/div>\n          <\/div>\n        <\/div>\n\n            <\/div>\n  <\/div>\n<\/div>\n\n\n<div class=\"vidiemme-block basic-editor  \" >\n  \n  <div class=\"container-xl\">\n    <h6><em>Photocredits: Mohamed L. Touray \/ ActionAid<\/em><\/h6>\n  <\/div>\n<\/div>\n","protected":false},"featured_media":16204,"template":"","class_list":["post-17169","donation-forms","type-donation-forms","status-publish","has-post-thumbnail","hentry"],"acf":[],"yoast_head":"<!-- This site is optimized with the Yoast SEO plugin v25.9 - https:\/\/yoast.com\/wordpress\/plugins\/seo\/ -->\n<title>Werden Sie Unterst\u00fctzer:in - ActionAid Schweiz<\/title>\n<meta name=\"description\" content=\"Mit Ihrer regelm\u00e4ssigen Unterst\u00fctzung helfen Sie Frauen, sich aus Gewalt zu befreien, unabh\u00e4ngig zu werden und ihre eigene Zukunft aufzubauen.\" \/>\n<meta name=\"robots\" content=\"index, follow, max-snippet:-1, max-image-preview:large, max-video-preview:-1\" \/>\n<link rel=\"canonical\" href=\"https:\/\/actionaid.ch\/de\/donation-forms\/ffw_spende_reg_de\/\" \/>\n<meta property=\"og:locale\" content=\"de_DE\" \/>\n<meta property=\"og:type\" content=\"article\" \/>\n<meta property=\"og:title\" content=\"Werden Sie Unterst\u00fctzer:in - ActionAid Schweiz\" \/>\n<meta property=\"og:description\" content=\"Mit Ihrer regelm\u00e4ssigen Unterst\u00fctzung helfen Sie Frauen, sich aus Gewalt zu befreien, unabh\u00e4ngig zu werden und ihre eigene Zukunft aufzubauen.\" \/>\n<meta property=\"og:url\" content=\"https:\/\/actionaid.ch\/de\/donation-forms\/ffw_spende_reg_de\/\" \/>\n<meta property=\"og:site_name\" content=\"ActionAid\" \/>\n<meta property=\"article:publisher\" content=\"https:\/\/www.facebook.com\/ActionAidSwitzerland\/?locale=it_IT\" \/>\n<meta property=\"article:modified_time\" content=\"2026-04-16T15:41:46+00:00\" \/>\n<meta property=\"og:image\" content=\"https:\/\/actionaid.ch\/wp-content\/uploads\/2026\/03\/R282697.jpg\" \/>\n\t<meta property=\"og:image:width\" content=\"1200\" \/>\n\t<meta property=\"og:image:height\" content=\"800\" \/>\n\t<meta property=\"og:image:type\" content=\"image\/jpeg\" \/>\n<meta name=\"twitter:card\" content=\"summary_large_image\" \/>\n<meta name=\"twitter:label1\" content=\"Gesch\u00e4tzte Lesezeit\" \/>\n\t<meta name=\"twitter:data1\" content=\"1\u00a0Minute\" \/>\n<script type=\"application\/ld+json\" class=\"yoast-schema-graph\">{\"@context\":\"https:\/\/schema.org\",\"@graph\":[{\"@type\":\"WebPage\",\"@id\":\"https:\/\/actionaid.ch\/de\/donation-forms\/ffw_spende_reg_de\/\",\"url\":\"https:\/\/actionaid.ch\/de\/donation-forms\/ffw_spende_reg_de\/\",\"name\":\"Werden Sie Unterst\u00fctzer:in - ActionAid Schweiz\",\"isPartOf\":{\"@id\":\"https:\/\/actionaid.ch\/de\/#website\"},\"primaryImageOfPage\":{\"@id\":\"https:\/\/actionaid.ch\/de\/donation-forms\/ffw_spende_reg_de\/#primaryimage\"},\"image\":{\"@id\":\"https:\/\/actionaid.ch\/de\/donation-forms\/ffw_spende_reg_de\/#primaryimage\"},\"thumbnailUrl\":\"https:\/\/actionaid.ch\/wp-content\/uploads\/2026\/03\/R282697.jpg\",\"datePublished\":\"2026-03-24T11:34:08+00:00\",\"dateModified\":\"2026-04-16T15:41:46+00:00\",\"description\":\"Mit Ihrer regelm\u00e4ssigen Unterst\u00fctzung helfen Sie Frauen, sich aus Gewalt zu befreien, unabh\u00e4ngig zu werden und ihre eigene Zukunft aufzubauen.\",\"breadcrumb\":{\"@id\":\"https:\/\/actionaid.ch\/de\/donation-forms\/ffw_spende_reg_de\/#breadcrumb\"},\"inLanguage\":\"de\",\"potentialAction\":[{\"@type\":\"ReadAction\",\"target\":[\"https:\/\/actionaid.ch\/de\/donation-forms\/ffw_spende_reg_de\/\"]}]},{\"@type\":\"ImageObject\",\"inLanguage\":\"de\",\"@id\":\"https:\/\/actionaid.ch\/de\/donation-forms\/ffw_spende_reg_de\/#primaryimage\",\"url\":\"https:\/\/actionaid.ch\/wp-content\/uploads\/2026\/03\/R282697.jpg\",\"contentUrl\":\"https:\/\/actionaid.ch\/wp-content\/uploads\/2026\/03\/R282697.jpg\",\"width\":1200,\"height\":800,\"caption\":\"Fanta in Gambia erntet den von ihr angebauten Weizen\"},{\"@type\":\"BreadcrumbList\",\"@id\":\"https:\/\/actionaid.ch\/de\/donation-forms\/ffw_spende_reg_de\/#breadcrumb\",\"itemListElement\":[{\"@type\":\"ListItem\",\"position\":1,\"name\":\"Home\",\"item\":\"https:\/\/actionaid.ch\/de\/\"},{\"@type\":\"ListItem\",\"position\":2,\"name\":\"Sie unterst\u00fctzen jeden Tag Frauen wie Fanta\"}]},{\"@type\":\"WebSite\",\"@id\":\"https:\/\/actionaid.ch\/de\/#website\",\"url\":\"https:\/\/actionaid.ch\/de\/\",\"name\":\"ActionAid Svizzera\",\"description\":\"\",\"publisher\":{\"@id\":\"https:\/\/actionaid.ch\/de\/#organization\"},\"potentialAction\":[{\"@type\":\"SearchAction\",\"target\":{\"@type\":\"EntryPoint\",\"urlTemplate\":\"https:\/\/actionaid.ch\/de\/?s={search_term_string}\"},\"query-input\":{\"@type\":\"PropertyValueSpecification\",\"valueRequired\":true,\"valueName\":\"search_term_string\"}}],\"inLanguage\":\"de\"},{\"@type\":\"Organization\",\"@id\":\"https:\/\/actionaid.ch\/de\/#organization\",\"name\":\"ActionAid Svizzera\",\"url\":\"https:\/\/actionaid.ch\/de\/\",\"logo\":{\"@type\":\"ImageObject\",\"inLanguage\":\"de\",\"@id\":\"https:\/\/actionaid.ch\/de\/#\/schema\/logo\/image\/\",\"url\":\"https:\/\/actionaid.ch\/wp-content\/uploads\/2025\/04\/Logo_rosso.png\",\"contentUrl\":\"https:\/\/actionaid.ch\/wp-content\/uploads\/2025\/04\/Logo_rosso.png\",\"width\":2331,\"height\":407,\"caption\":\"ActionAid Svizzera\"},\"image\":{\"@id\":\"https:\/\/actionaid.ch\/de\/#\/schema\/logo\/image\/\"},\"sameAs\":[\"https:\/\/www.facebook.com\/ActionAidSwitzerland\/?locale=it_IT\",\"https:\/\/www.instagram.com\/actionaid_international\/?hl=en\"]}]}<\/script>\n<!-- \/ Yoast SEO plugin. -->","yoast_head_json":{"title":"Werden Sie Unterst\u00fctzer:in - ActionAid Schweiz","description":"Mit Ihrer regelm\u00e4ssigen Unterst\u00fctzung helfen Sie Frauen, sich aus Gewalt zu befreien, unabh\u00e4ngig zu werden und ihre eigene Zukunft aufzubauen.","robots":{"index":"index","follow":"follow","max-snippet":"max-snippet:-1","max-image-preview":"max-image-preview:large","max-video-preview":"max-video-preview:-1"},"canonical":"https:\/\/actionaid.ch\/de\/donation-forms\/ffw_spende_reg_de\/","og_locale":"de_DE","og_type":"article","og_title":"Werden Sie Unterst\u00fctzer:in - ActionAid Schweiz","og_description":"Mit Ihrer regelm\u00e4ssigen Unterst\u00fctzung helfen Sie Frauen, sich aus Gewalt zu befreien, unabh\u00e4ngig zu werden und ihre eigene Zukunft aufzubauen.","og_url":"https:\/\/actionaid.ch\/de\/donation-forms\/ffw_spende_reg_de\/","og_site_name":"ActionAid","article_publisher":"https:\/\/www.facebook.com\/ActionAidSwitzerland\/?locale=it_IT","article_modified_time":"2026-04-16T15:41:46+00:00","og_image":[{"width":1200,"height":800,"url":"https:\/\/actionaid.ch\/wp-content\/uploads\/2026\/03\/R282697.jpg","type":"image\/jpeg"}],"twitter_card":"summary_large_image","twitter_misc":{"Gesch\u00e4tzte Lesezeit":"1\u00a0Minute"},"schema":{"@context":"https:\/\/schema.org","@graph":[{"@type":"WebPage","@id":"https:\/\/actionaid.ch\/de\/donation-forms\/ffw_spende_reg_de\/","url":"https:\/\/actionaid.ch\/de\/donation-forms\/ffw_spende_reg_de\/","name":"Werden Sie Unterst\u00fctzer:in - ActionAid Schweiz","isPartOf":{"@id":"https:\/\/actionaid.ch\/de\/#website"},"primaryImageOfPage":{"@id":"https:\/\/actionaid.ch\/de\/donation-forms\/ffw_spende_reg_de\/#primaryimage"},"image":{"@id":"https:\/\/actionaid.ch\/de\/donation-forms\/ffw_spende_reg_de\/#primaryimage"},"thumbnailUrl":"https:\/\/actionaid.ch\/wp-content\/uploads\/2026\/03\/R282697.jpg","datePublished":"2026-03-24T11:34:08+00:00","dateModified":"2026-04-16T15:41:46+00:00","description":"Mit Ihrer regelm\u00e4ssigen Unterst\u00fctzung helfen Sie Frauen, sich aus Gewalt zu befreien, unabh\u00e4ngig zu werden und ihre eigene Zukunft aufzubauen.","breadcrumb":{"@id":"https:\/\/actionaid.ch\/de\/donation-forms\/ffw_spende_reg_de\/#breadcrumb"},"inLanguage":"de","potentialAction":[{"@type":"ReadAction","target":["https:\/\/actionaid.ch\/de\/donation-forms\/ffw_spende_reg_de\/"]}]},{"@type":"ImageObject","inLanguage":"de","@id":"https:\/\/actionaid.ch\/de\/donation-forms\/ffw_spende_reg_de\/#primaryimage","url":"https:\/\/actionaid.ch\/wp-content\/uploads\/2026\/03\/R282697.jpg","contentUrl":"https:\/\/actionaid.ch\/wp-content\/uploads\/2026\/03\/R282697.jpg","width":1200,"height":800,"caption":"Fanta in Gambia erntet den von ihr angebauten Weizen"},{"@type":"BreadcrumbList","@id":"https:\/\/actionaid.ch\/de\/donation-forms\/ffw_spende_reg_de\/#breadcrumb","itemListElement":[{"@type":"ListItem","position":1,"name":"Home","item":"https:\/\/actionaid.ch\/de\/"},{"@type":"ListItem","position":2,"name":"Sie unterst\u00fctzen jeden Tag Frauen wie Fanta"}]},{"@type":"WebSite","@id":"https:\/\/actionaid.ch\/de\/#website","url":"https:\/\/actionaid.ch\/de\/","name":"ActionAid Svizzera","description":"","publisher":{"@id":"https:\/\/actionaid.ch\/de\/#organization"},"potentialAction":[{"@type":"SearchAction","target":{"@type":"EntryPoint","urlTemplate":"https:\/\/actionaid.ch\/de\/?s={search_term_string}"},"query-input":{"@type":"PropertyValueSpecification","valueRequired":true,"valueName":"search_term_string"}}],"inLanguage":"de"},{"@type":"Organization","@id":"https:\/\/actionaid.ch\/de\/#organization","name":"ActionAid Svizzera","url":"https:\/\/actionaid.ch\/de\/","logo":{"@type":"ImageObject","inLanguage":"de","@id":"https:\/\/actionaid.ch\/de\/#\/schema\/logo\/image\/","url":"https:\/\/actionaid.ch\/wp-content\/uploads\/2025\/04\/Logo_rosso.png","contentUrl":"https:\/\/actionaid.ch\/wp-content\/uploads\/2025\/04\/Logo_rosso.png","width":2331,"height":407,"caption":"ActionAid Svizzera"},"image":{"@id":"https:\/\/actionaid.ch\/de\/#\/schema\/logo\/image\/"},"sameAs":["https:\/\/www.facebook.com\/ActionAidSwitzerland\/?locale=it_IT","https:\/\/www.instagram.com\/actionaid_international\/?hl=en"]}]}},"_links":{"self":[{"href":"https:\/\/actionaid.ch\/de\/wp-json\/wp\/v2\/donation-forms\/17169","targetHints":{"allow":["GET"]}}],"collection":[{"href":"https:\/\/actionaid.ch\/de\/wp-json\/wp\/v2\/donation-forms"}],"about":[{"href":"https:\/\/actionaid.ch\/de\/wp-json\/wp\/v2\/types\/donation-forms"}],"wp:featuredmedia":[{"embeddable":true,"href":"https:\/\/actionaid.ch\/de\/wp-json\/wp\/v2\/media\/16204"}],"wp:attachment":[{"href":"https:\/\/actionaid.ch\/de\/wp-json\/wp\/v2\/media?parent=17169"}],"curies":[{"name":"wp","href":"https:\/\/api.w.org\/{rel}","templated":true}]}}